{"version":"1.0","provider_name":"Centre de Yoga Lyon Jean Mac\u00e9","provider_url":"https:\/\/centredeyoga-lyon-jean-mace.org","title":"Pascal L'HUILLIER - Centre de Yoga Lyon Jean Mac\u00e9","type":"rich","width":600,"height":338,"html":"<blockquote class=\"wp-embedded-content\" data-secret=\"hJ7UTv1lck\"><a href=\"https:\/\/centredeyoga-lyon-jean-mace.org\/index.php\/intervenants\/pascal-lhuillier\/\">Pascal L&rsquo;HUILLIER<\/a><\/blockquote><iframe sandbox=\"allow-scripts\" security=\"restricted\" src=\"https:\/\/centredeyoga-lyon-jean-mace.org\/index.php\/intervenants\/pascal-lhuillier\/embed\/#?secret=hJ7UTv1lck\" width=\"600\" height=\"338\" title=\"\u00ab\u00a0Pascal L&rsquo;HUILLIER\u00a0\u00bb &#8212; Centre de Yoga Lyon Jean Mac\u00e9\" data-secret=\"hJ7UTv1lck\" frameborder=\"0\" marginwidth=\"0\" marginheight=\"0\" scrolling=\"no\" class=\"wp-embedded-content\"><\/iframe><script type=\"text\/javascript\">\n\/* <![CDATA[ *\/\n\/*! This file is auto-generated *\/\n!function(d,l){\"use strict\";l.querySelector&&d.addEventListener&&\"undefined\"!=typeof URL&&(d.wp=d.wp||{},d.wp.receiveEmbedMessage||(d.wp.receiveEmbedMessage=function(e){var t=e.data;if((t||t.secret||t.message||t.value)&&!\/[^a-zA-Z0-9]\/.test(t.secret)){for(var s,r,n,a=l.querySelectorAll('iframe[data-secret=\"'+t.secret+'\"]'),o=l.querySelectorAll('blockquote[data-secret=\"'+t.secret+'\"]'),c=new RegExp(\"^https?:$\",\"i\"),i=0;i<o.length;i++)o[i].style.display=\"none\";for(i=0;i<a.length;i++)s=a[i],e.source===s.contentWindow&&(s.removeAttribute(\"style\"),\"height\"===t.message?(1e3<(r=parseInt(t.value,10))?r=1e3:~~r<200&&(r=200),s.height=r):\"link\"===t.message&&(r=new URL(s.getAttribute(\"src\")),n=new URL(t.value),c.test(n.protocol))&&n.host===r.host&&l.activeElement===s&&(d.top.location.href=t.value))}},d.addEventListener(\"message\",d.wp.receiveEmbedMessage,!1),l.addEventListener(\"DOMContentLoaded\",function(){for(var e,t,s=l.querySelectorAll(\"iframe.wp-embedded-content\"),r=0;r<s.length;r++)(t=(e=s[r]).getAttribute(\"data-secret\"))||(t=Math.random().toString(36).substring(2,12),e.src+=\"#?secret=\"+t,e.setAttribute(\"data-secret\",t)),e.contentWindow.postMessage({message:\"ready\",secret:t},\"*\")},!1)))}(window,document);\n\/\/# sourceURL=https:\/\/centredeyoga-lyon-jean-mace.org\/wp-includes\/js\/wp-embed.min.js\n\/* ]]> *\/\n<\/script>\n","description":"Enseignant de yoga, dipl\u00f4m\u00e9 de l&rsquo;Institut Fran\u00e7ais de Yoga Apr\u00e8s plusieurs ann\u00e9es de pause, j\u2019ai red\u00e9couvert avec un immense plaisir le yoga en 2012 avec Marie Fran\u00e7oise Garcia dont j\u2019ai suivi la pratique, puis la formation, qui s\u2019inscrit dans la lign\u00e9e de T.Krishnamacarya et son fils TKV. Desikachar. Je partage d\u00e9sormais avec enthousiasme cet enseignement [&hellip;]","thumbnail_url":"https:\/\/centredeyoga-lyon-jean-mace.org\/wp-content\/uploads\/2025\/06\/Pascal-L-2.jpg","thumbnail_width":317,"thumbnail_height":400}