{"id":253,"date":"2016-07-03T09:33:32","date_gmt":"2016-07-03T08:33:32","guid":{"rendered":"http:\/\/centredeyoga-lyon-jean-mace.org\/?page_id=253"},"modified":"2025-11-23T20:34:15","modified_gmt":"2025-11-23T18:34:15","slug":"diane-viossat","status":"publish","type":"page","link":"https:\/\/centredeyoga-lyon-jean-mace.org\/index.php\/intervenants\/diane-viossat\/","title":{"rendered":"Diane VIOSSAT"},"content":{"rendered":"\n<div class=\"wp-block-columns is-layout-flex wp-container-core-columns-is-layout-9d6595d7 wp-block-columns-is-layout-flex\">\n<div class=\"wp-block-column is-layout-flow wp-block-column-is-layout-flow\" style=\"flex-basis:33.33%\">\n<figure class=\"wp-block-image size-full is-resized is-style-rounded\"><img loading=\"lazy\" decoding=\"async\" width=\"300\" height=\"380\" src=\"https:\/\/centredeyoga-lyon-jean-mace.org\/wp-content\/uploads\/2024\/08\/Diane.jpg\" alt=\"\" class=\"wp-image-3877\" style=\"width:186px;height:auto\" srcset=\"https:\/\/centredeyoga-lyon-jean-mace.org\/wp-content\/uploads\/2024\/08\/Diane.jpg 300w, https:\/\/centredeyoga-lyon-jean-mace.org\/wp-content\/uploads\/2024\/08\/Diane-237x300.jpg 237w\" sizes=\"auto, (max-width: 300px) 100vw, 300px\" \/><\/figure>\n<\/div>\n\n\n\n<div class=\"wp-block-column is-vertically-aligned-center is-layout-flow wp-block-column-is-layout-flow\" style=\"flex-basis:66.66%\">\n<h6 class=\"wp-block-heading\" id=\"praticienne-en-meditation-de-pleine-conscience-en-cours-de-certification-a-l-ecole-de-la-presencedoula-en-cours-de-certification-a-l-ecole-quantik-doulacoach-de-vie-humaniste-certifiee-ecol-coach\">Dipl\u00f4m\u00e9e de l&rsquo;<a href=\"http:\/\/www.ify.fr\/\" target=\"_blank\" rel=\"noopener noreferrer\">Institut Fran\u00e7ais de Yoga<\/a><\/h6>\n\n\n\n<p>Par ma pratique r\u00e9guli\u00e8re du yoga depuis 2006, avec Odette BISSARDON, enseignante dans ce centre de yoga, s\u2019est d\u00e9velopp\u00e9 mon int\u00e9r\u00eat pour cette discipline. Les stages et ateliers suivants m\u2019ont fait d\u00e9couvrir une tradition, des techniques, un savoir-faire plurimill\u00e9naires exp\u00e9riment\u00e9, transmis par de grands Ma\u00eetres Indiens.<\/p>\n<\/div>\n<\/div>\n\n\n\n<p>Cela s\u2019est concr\u00e9tis\u00e9 en 2014 par une formation \u00e0 l\u2019enseignement du yoga avec Jo\u00eblle et Paul BORDAT, tous deux formateurs \u00e0 l\u2019IFY.<br>J\u2019ai obtenu leur agr\u00e9ment et je suis dipl\u00f4m\u00e9e depuis 2018 de l\u2019Institut Fran\u00e7ais de Yoga, dont j\u2019ai \u00e0 c\u0153ur de pr\u00e9server l\u2019esprit et les valeurs pour la transmission du yoga.<\/p>\n\n\n\n<p>L\u2019\u00e9tude des Yoga Sutra de Patanjali (trait\u00e9 des textes de base), guid\u00e9e par Michel ALIBERT, me permet d\u2019approfondir l\u2019ample projet du yoga. Ce travail sur les textes guide et stimule mes interrogations et mes compr\u00e9hensions notamment sur une des questions majeures \u00ab&nbsp;la relation juste&nbsp;\u00bb \u00e0 la Vie, \u00e0 Soi, \u00e0 son prochain, au monde.<\/p>\n\n\n\n<p>Le temps passe, les situations v\u00e9cues transforment le corps et la personne, le yoga \u00e0 son tour vient transformer les traces de ces v\u00e9cus. Il est un moyen, lib\u00e9rateur, pour trouver ses propres outils et techniques qui favorisent la recherche de justesse dans sa vie. Il m\u2019est plaisant de proposer ou partager ces diff\u00e9rentes exp\u00e9riences et qu\u00eates.<\/p>\n\n\n\n<p>Entre 2021 et 2023, mon parcours s\u2019est compl\u00e9t\u00e9 d\u2019une formation sur le th\u00e8me \u00ab&nbsp;relaxation \u2013respiration \u2013 m\u00e9ditation&nbsp;\u00bb anim\u00e9e par Robert DUMEL. Cela repr\u00e9sente 250 heures de pratique gr\u00e2ce auxquelles mes connaissances et mon enseignement continuent d\u2019\u00e9voluer et de s\u2019affiner.<\/p>\n\n\n\n<p>Je propose dans chaque cours d\u2019exp\u00e9rimenter la s\u00e9ance de yoga dans le respect de sa condition physique, au moyen de techniques vari\u00e9es, d\u00e9clin\u00e9es sous forme de temps de relaxation et de pratique posturale, de pratique respiratoire et d\u2019assise silencieuse.<br>Ces techniques compl\u00e8tes et compl\u00e9mentaires tendent \u00e0 r\u00e9duire les tensions physiques et la dispersion mentale, transformant ces \u00e9tats en s\u00e9r\u00e9nit\u00e9 d\u2019esprit, en \u00e9quilibre \u00e9motionnel et corporel. Un moment de soin de soi.<\/p>\n\n\n\n<blockquote class=\"wp-block-quote is-layout-flow wp-block-quote-is-layout-flow\">\n<p>Pour me contacter directement : <a href=\"mailto:viossat.diane@hotmail.fr\">viossat.diane@hotmail.fr<\/a><br>ou <span id=\"eeb-461337-410472\"><\/span><script type=\"text\/javascript\">(function() {var ml=\"603%457921\",mi=\"1038175381293814138126\",o=\"\";for(var j=0,l=mi.length;j<l;j++) {o+=ml.charAt(mi.charCodeAt(j)-48);}document.getElementById(\"eeb-461337-410472\").innerHTML = decodeURIComponent(o);}());<\/script><noscript>*email prot\u00e9g\u00e9*<\/noscript><\/p>\n<\/blockquote>\n\n\n\n<p>Diane<\/p>\n","protected":false},"excerpt":{"rendered":"<p>Dipl\u00f4m\u00e9e de l&rsquo;Institut Fran\u00e7ais de Yoga Par ma pratique r\u00e9guli\u00e8re du yoga depuis 2006, avec Odette BISSARDON, enseignante dans ce centre de yoga, s\u2019est d\u00e9velopp\u00e9 mon int\u00e9r\u00eat pour cette discipline. Les stages et ateliers suivants m\u2019ont fait d\u00e9couvrir une tradition, des techniques, un savoir-faire plurimill\u00e9naires exp\u00e9riment\u00e9, transmis par de grands Ma\u00eetres Indiens. Cela s\u2019est concr\u00e9tis\u00e9 [&hellip;]<\/p>\n","protected":false},"author":3,"featured_media":0,"parent":47,"menu_order":0,"comment_status":"closed","ping_status":"closed","template":"","meta":{"_monsterinsights_skip_tracking":false,"_monsterinsights_sitenote_active":false,"_monsterinsights_sitenote_note":"","_monsterinsights_sitenote_category":0,"footnotes":""},"class_list":["post-253","page","type-page","status-publish","hentry","clear"],"yoast_head":"<!-- This site is optimized with the Yoast SEO plugin v27.5 - https:\/\/yoast.com\/product\/yoast-seo-wordpress\/ -->\n<title>Diane VIOSSAT - Centre de Yoga Lyon Jean Mac\u00e9<\/title>\n<meta name=\"robots\" content=\"index, follow, max-snippet:-1, max-image-preview:large, max-video-preview:-1\" \/>\n<link rel=\"canonical\" href=\"https:\/\/centredeyoga-lyon-jean-mace.org\/index.php\/intervenants\/diane-viossat\/\" \/>\n<meta property=\"og:locale\" content=\"fr_FR\" \/>\n<meta property=\"og:type\" content=\"article\" \/>\n<meta property=\"og:title\" content=\"Diane VIOSSAT - Centre de Yoga Lyon Jean Mac\u00e9\" \/>\n<meta property=\"og:description\" content=\"Dipl\u00f4m\u00e9e de l&rsquo;Institut Fran\u00e7ais de Yoga Par ma pratique r\u00e9guli\u00e8re du yoga depuis 2006, avec Odette BISSARDON, enseignante dans ce centre de yoga, s\u2019est d\u00e9velopp\u00e9 mon int\u00e9r\u00eat pour cette discipline. Les stages et ateliers suivants m\u2019ont fait d\u00e9couvrir une tradition, des techniques, un savoir-faire plurimill\u00e9naires exp\u00e9riment\u00e9, transmis par de grands Ma\u00eetres Indiens. Cela s\u2019est concr\u00e9tis\u00e9 [&hellip;]\" \/>\n<meta property=\"og:url\" content=\"https:\/\/centredeyoga-lyon-jean-mace.org\/index.php\/intervenants\/diane-viossat\/\" \/>\n<meta property=\"og:site_name\" content=\"Centre de Yoga Lyon Jean Mac\u00e9\" \/>\n<meta property=\"article:publisher\" content=\"https:\/\/www.facebook.com\/CentredeYogaLyonJeanMace\" \/>\n<meta property=\"article:modified_time\" content=\"2025-11-23T18:34:15+00:00\" \/>\n<meta property=\"og:image\" content=\"https:\/\/centredeyoga-lyon-jean-mace.org\/wp-content\/uploads\/2024\/08\/Diane.jpg\" \/>\n\t<meta property=\"og:image:width\" content=\"300\" \/>\n\t<meta property=\"og:image:height\" content=\"380\" \/>\n\t<meta property=\"og:image:type\" content=\"image\/jpeg\" \/>\n<meta name=\"twitter:card\" content=\"summary_large_image\" \/>\n<meta name=\"twitter:label1\" content=\"Dur\u00e9e de lecture estim\u00e9e\" \/>\n\t<meta name=\"twitter:data1\" content=\"2 minutes\" \/>\n<script type=\"application\/ld+json\" class=\"yoast-schema-graph\">{\"@context\":\"https:\\\/\\\/schema.org\",\"@graph\":[{\"@type\":\"WebPage\",\"@id\":\"https:\\\/\\\/centredeyoga-lyon-jean-mace.org\\\/index.php\\\/intervenants\\\/diane-viossat\\\/\",\"url\":\"https:\\\/\\\/centredeyoga-lyon-jean-mace.org\\\/index.php\\\/intervenants\\\/diane-viossat\\\/\",\"name\":\"Diane VIOSSAT - Centre de Yoga Lyon Jean Mac\u00e9\",\"isPartOf\":{\"@id\":\"https:\\\/\\\/centredeyoga-lyon-jean-mace.org\\\/#website\"},\"primaryImageOfPage\":{\"@id\":\"https:\\\/\\\/centredeyoga-lyon-jean-mace.org\\\/index.php\\\/intervenants\\\/diane-viossat\\\/#primaryimage\"},\"image\":{\"@id\":\"https:\\\/\\\/centredeyoga-lyon-jean-mace.org\\\/index.php\\\/intervenants\\\/diane-viossat\\\/#primaryimage\"},\"thumbnailUrl\":\"https:\\\/\\\/centredeyoga-lyon-jean-mace.org\\\/wp-content\\\/uploads\\\/2024\\\/08\\\/Diane.jpg\",\"datePublished\":\"2016-07-03T08:33:32+00:00\",\"dateModified\":\"2025-11-23T18:34:15+00:00\",\"breadcrumb\":{\"@id\":\"https:\\\/\\\/centredeyoga-lyon-jean-mace.org\\\/index.php\\\/intervenants\\\/diane-viossat\\\/#breadcrumb\"},\"inLanguage\":\"fr-FR\",\"potentialAction\":[{\"@type\":\"ReadAction\",\"target\":[\"https:\\\/\\\/centredeyoga-lyon-jean-mace.org\\\/index.php\\\/intervenants\\\/diane-viossat\\\/\"]}]},{\"@type\":\"ImageObject\",\"inLanguage\":\"fr-FR\",\"@id\":\"https:\\\/\\\/centredeyoga-lyon-jean-mace.org\\\/index.php\\\/intervenants\\\/diane-viossat\\\/#primaryimage\",\"url\":\"https:\\\/\\\/centredeyoga-lyon-jean-mace.org\\\/wp-content\\\/uploads\\\/2024\\\/08\\\/Diane.jpg\",\"contentUrl\":\"https:\\\/\\\/centredeyoga-lyon-jean-mace.org\\\/wp-content\\\/uploads\\\/2024\\\/08\\\/Diane.jpg\",\"width\":300,\"height\":380},{\"@type\":\"BreadcrumbList\",\"@id\":\"https:\\\/\\\/centredeyoga-lyon-jean-mace.org\\\/index.php\\\/intervenants\\\/diane-viossat\\\/#breadcrumb\",\"itemListElement\":[{\"@type\":\"ListItem\",\"position\":1,\"name\":\"Accueil\",\"item\":\"https:\\\/\\\/centredeyoga-lyon-jean-mace.org\\\/\"},{\"@type\":\"ListItem\",\"position\":2,\"name\":\"Les intervenants de la salle\",\"item\":\"https:\\\/\\\/centredeyoga-lyon-jean-mace.org\\\/index.php\\\/intervenants\\\/\"},{\"@type\":\"ListItem\",\"position\":3,\"name\":\"Diane VIOSSAT\"}]},{\"@type\":\"WebSite\",\"@id\":\"https:\\\/\\\/centredeyoga-lyon-jean-mace.org\\\/#website\",\"url\":\"https:\\\/\\\/centredeyoga-lyon-jean-mace.org\\\/\",\"name\":\"Centre de yoga Lyon Jean Mac\u00e9\",\"description\":\"Une salle de Yoga au coeur de Lyon\",\"publisher\":{\"@id\":\"https:\\\/\\\/centredeyoga-lyon-jean-mace.org\\\/#organization\"},\"potentialAction\":[{\"@type\":\"SearchAction\",\"target\":{\"@type\":\"EntryPoint\",\"urlTemplate\":\"https:\\\/\\\/centredeyoga-lyon-jean-mace.org\\\/?s={search_term_string}\"},\"query-input\":{\"@type\":\"PropertyValueSpecification\",\"valueRequired\":true,\"valueName\":\"search_term_string\"}}],\"inLanguage\":\"fr-FR\"},{\"@type\":\"Organization\",\"@id\":\"https:\\\/\\\/centredeyoga-lyon-jean-mace.org\\\/#organization\",\"name\":\"Centre de yoga Lyon Jean Mac\u00e9\",\"url\":\"https:\\\/\\\/centredeyoga-lyon-jean-mace.org\\\/\",\"logo\":{\"@type\":\"ImageObject\",\"inLanguage\":\"fr-FR\",\"@id\":\"https:\\\/\\\/centredeyoga-lyon-jean-mace.org\\\/#\\\/schema\\\/logo\\\/image\\\/\",\"url\":\"https:\\\/\\\/centredeyoga-lyon-jean-mace.org\\\/wp-content\\\/uploads\\\/2021\\\/06\\\/Logo-Centre-yoga-LJM-web.png\",\"contentUrl\":\"https:\\\/\\\/centredeyoga-lyon-jean-mace.org\\\/wp-content\\\/uploads\\\/2021\\\/06\\\/Logo-Centre-yoga-LJM-web.png\",\"width\":500,\"height\":520,\"caption\":\"Centre de yoga Lyon Jean Mac\u00e9\"},\"image\":{\"@id\":\"https:\\\/\\\/centredeyoga-lyon-jean-mace.org\\\/#\\\/schema\\\/logo\\\/image\\\/\"},\"sameAs\":[\"https:\\\/\\\/www.facebook.com\\\/CentredeYogaLyonJeanMace\",\"https:\\\/\\\/www.instagram.com\\\/centredeyogalyonjeanmace\\\/\"]}]}<\/script>\n<!-- \/ Yoast SEO plugin. -->","yoast_head_json":{"title":"Diane VIOSSAT - Centre de Yoga Lyon Jean Mac\u00e9","robots":{"index":"index","follow":"follow","max-snippet":"max-snippet:-1","max-image-preview":"max-image-preview:large","max-video-preview":"max-video-preview:-1"},"canonical":"https:\/\/centredeyoga-lyon-jean-mace.org\/index.php\/intervenants\/diane-viossat\/","og_locale":"fr_FR","og_type":"article","og_title":"Diane VIOSSAT - Centre de Yoga Lyon Jean Mac\u00e9","og_description":"Dipl\u00f4m\u00e9e de l&rsquo;Institut Fran\u00e7ais de Yoga Par ma pratique r\u00e9guli\u00e8re du yoga depuis 2006, avec Odette BISSARDON, enseignante dans ce centre de yoga, s\u2019est d\u00e9velopp\u00e9 mon int\u00e9r\u00eat pour cette discipline. Les stages et ateliers suivants m\u2019ont fait d\u00e9couvrir une tradition, des techniques, un savoir-faire plurimill\u00e9naires exp\u00e9riment\u00e9, transmis par de grands Ma\u00eetres Indiens. Cela s\u2019est concr\u00e9tis\u00e9 [&hellip;]","og_url":"https:\/\/centredeyoga-lyon-jean-mace.org\/index.php\/intervenants\/diane-viossat\/","og_site_name":"Centre de Yoga Lyon Jean Mac\u00e9","article_publisher":"https:\/\/www.facebook.com\/CentredeYogaLyonJeanMace","article_modified_time":"2025-11-23T18:34:15+00:00","og_image":[{"width":300,"height":380,"url":"https:\/\/centredeyoga-lyon-jean-mace.org\/wp-content\/uploads\/2024\/08\/Diane.jpg","type":"image\/jpeg"}],"twitter_card":"summary_large_image","twitter_misc":{"Dur\u00e9e de lecture estim\u00e9e":"2 minutes"},"schema":{"@context":"https:\/\/schema.org","@graph":[{"@type":"WebPage","@id":"https:\/\/centredeyoga-lyon-jean-mace.org\/index.php\/intervenants\/diane-viossat\/","url":"https:\/\/centredeyoga-lyon-jean-mace.org\/index.php\/intervenants\/diane-viossat\/","name":"Diane VIOSSAT - Centre de Yoga Lyon Jean Mac\u00e9","isPartOf":{"@id":"https:\/\/centredeyoga-lyon-jean-mace.org\/#website"},"primaryImageOfPage":{"@id":"https:\/\/centredeyoga-lyon-jean-mace.org\/index.php\/intervenants\/diane-viossat\/#primaryimage"},"image":{"@id":"https:\/\/centredeyoga-lyon-jean-mace.org\/index.php\/intervenants\/diane-viossat\/#primaryimage"},"thumbnailUrl":"https:\/\/centredeyoga-lyon-jean-mace.org\/wp-content\/uploads\/2024\/08\/Diane.jpg","datePublished":"2016-07-03T08:33:32+00:00","dateModified":"2025-11-23T18:34:15+00:00","breadcrumb":{"@id":"https:\/\/centredeyoga-lyon-jean-mace.org\/index.php\/intervenants\/diane-viossat\/#breadcrumb"},"inLanguage":"fr-FR","potentialAction":[{"@type":"ReadAction","target":["https:\/\/centredeyoga-lyon-jean-mace.org\/index.php\/intervenants\/diane-viossat\/"]}]},{"@type":"ImageObject","inLanguage":"fr-FR","@id":"https:\/\/centredeyoga-lyon-jean-mace.org\/index.php\/intervenants\/diane-viossat\/#primaryimage","url":"https:\/\/centredeyoga-lyon-jean-mace.org\/wp-content\/uploads\/2024\/08\/Diane.jpg","contentUrl":"https:\/\/centredeyoga-lyon-jean-mace.org\/wp-content\/uploads\/2024\/08\/Diane.jpg","width":300,"height":380},{"@type":"BreadcrumbList","@id":"https:\/\/centredeyoga-lyon-jean-mace.org\/index.php\/intervenants\/diane-viossat\/#breadcrumb","itemListElement":[{"@type":"ListItem","position":1,"name":"Accueil","item":"https:\/\/centredeyoga-lyon-jean-mace.org\/"},{"@type":"ListItem","position":2,"name":"Les intervenants de la salle","item":"https:\/\/centredeyoga-lyon-jean-mace.org\/index.php\/intervenants\/"},{"@type":"ListItem","position":3,"name":"Diane VIOSSAT"}]},{"@type":"WebSite","@id":"https:\/\/centredeyoga-lyon-jean-mace.org\/#website","url":"https:\/\/centredeyoga-lyon-jean-mace.org\/","name":"Centre de yoga Lyon Jean Mac\u00e9","description":"Une salle de Yoga au coeur de Lyon","publisher":{"@id":"https:\/\/centredeyoga-lyon-jean-mace.org\/#organization"},"potentialAction":[{"@type":"SearchAction","target":{"@type":"EntryPoint","urlTemplate":"https:\/\/centredeyoga-lyon-jean-mace.org\/?s={search_term_string}"},"query-input":{"@type":"PropertyValueSpecification","valueRequired":true,"valueName":"search_term_string"}}],"inLanguage":"fr-FR"},{"@type":"Organization","@id":"https:\/\/centredeyoga-lyon-jean-mace.org\/#organization","name":"Centre de yoga Lyon Jean Mac\u00e9","url":"https:\/\/centredeyoga-lyon-jean-mace.org\/","logo":{"@type":"ImageObject","inLanguage":"fr-FR","@id":"https:\/\/centredeyoga-lyon-jean-mace.org\/#\/schema\/logo\/image\/","url":"https:\/\/centredeyoga-lyon-jean-mace.org\/wp-content\/uploads\/2021\/06\/Logo-Centre-yoga-LJM-web.png","contentUrl":"https:\/\/centredeyoga-lyon-jean-mace.org\/wp-content\/uploads\/2021\/06\/Logo-Centre-yoga-LJM-web.png","width":500,"height":520,"caption":"Centre de yoga Lyon Jean Mac\u00e9"},"image":{"@id":"https:\/\/centredeyoga-lyon-jean-mace.org\/#\/schema\/logo\/image\/"},"sameAs":["https:\/\/www.facebook.com\/CentredeYogaLyonJeanMace","https:\/\/www.instagram.com\/centredeyogalyonjeanmace\/"]}]}},"_links":{"self":[{"href":"https:\/\/centredeyoga-lyon-jean-mace.org\/index.php\/wp-json\/wp\/v2\/pages\/253","targetHints":{"allow":["GET"]}}],"collection":[{"href":"https:\/\/centredeyoga-lyon-jean-mace.org\/index.php\/wp-json\/wp\/v2\/pages"}],"about":[{"href":"https:\/\/centredeyoga-lyon-jean-mace.org\/index.php\/wp-json\/wp\/v2\/types\/page"}],"author":[{"embeddable":true,"href":"https:\/\/centredeyoga-lyon-jean-mace.org\/index.php\/wp-json\/wp\/v2\/users\/3"}],"replies":[{"embeddable":true,"href":"https:\/\/centredeyoga-lyon-jean-mace.org\/index.php\/wp-json\/wp\/v2\/comments?post=253"}],"version-history":[{"count":2,"href":"https:\/\/centredeyoga-lyon-jean-mace.org\/index.php\/wp-json\/wp\/v2\/pages\/253\/revisions"}],"predecessor-version":[{"id":5015,"href":"https:\/\/centredeyoga-lyon-jean-mace.org\/index.php\/wp-json\/wp\/v2\/pages\/253\/revisions\/5015"}],"up":[{"embeddable":true,"href":"https:\/\/centredeyoga-lyon-jean-mace.org\/index.php\/wp-json\/wp\/v2\/pages\/47"}],"wp:attachment":[{"href":"https:\/\/centredeyoga-lyon-jean-mace.org\/index.php\/wp-json\/wp\/v2\/media?parent=253"}],"curies":[{"name":"wp","href":"https:\/\/api.w.org\/{rel}","templated":true}]}}