{"id":3340,"date":"2023-06-04T21:06:47","date_gmt":"2023-06-04T19:06:47","guid":{"rendered":"https:\/\/centredeyoga-lyon-jean-mace.org\/?page_id=3340"},"modified":"2025-11-23T20:33:45","modified_gmt":"2025-11-23T18:33:45","slug":"damien-afonso","status":"publish","type":"page","link":"https:\/\/centredeyoga-lyon-jean-mace.org\/index.php\/intervenants\/damien-afonso\/","title":{"rendered":"Damien AFONSO"},"content":{"rendered":"\n<div class=\"wp-block-columns is-layout-flex wp-container-core-columns-is-layout-9d6595d7 wp-block-columns-is-layout-flex\">\n<div class=\"wp-block-column is-layout-flow wp-block-column-is-layout-flow\" style=\"flex-basis:33.33%\">\n<figure class=\"wp-block-image size-full is-resized is-style-rounded\"><img loading=\"lazy\" decoding=\"async\" width=\"300\" height=\"401\" src=\"https:\/\/centredeyoga-lyon-jean-mace.org\/wp-content\/uploads\/2023\/07\/Damien-2.jpg\" alt=\"\" class=\"wp-image-3409\" style=\"width:186px;height:auto\" srcset=\"https:\/\/centredeyoga-lyon-jean-mace.org\/wp-content\/uploads\/2023\/07\/Damien-2.jpg 300w, https:\/\/centredeyoga-lyon-jean-mace.org\/wp-content\/uploads\/2023\/07\/Damien-2-224x300.jpg 224w\" sizes=\"auto, (max-width: 300px) 100vw, 300px\" \/><\/figure>\n<\/div>\n\n\n\n<div class=\"wp-block-column is-vertically-aligned-center is-layout-flow wp-block-column-is-layout-flow\" style=\"flex-basis:66.66%\">\n<h6 class=\"wp-block-heading\" id=\"praticienne-en-meditation-de-pleine-conscience-en-cours-de-certification-a-l-ecole-de-la-presencedoula-en-cours-de-certification-a-l-ecole-quantik-doulacoach-de-vie-humaniste-certifiee-ecol-coach\">Professeur de Yoga,<br>Dipl\u00f4m\u00e9 de l&rsquo;<a href=\"http:\/\/www.ify.fr\/\" target=\"_blank\" rel=\"noopener noreferrer\">Institut Fran\u00e7ais de Yoga<\/a><br><\/h6>\n\n\n\n<p>C\u2019est l\u2019histoire d\u2019une rencontre avec le yoga.<br>Passionn\u00e9 de sport, jamais je n\u2019aurai cru cela possible.<\/p>\n\n\n\n<p>Au d\u00e9part, je ne suis pas conquis. Et puis les 1\u00e8res sensations fortes, les Samadhi comme on l\u2019\u00e9crit en sanskrit.<\/p>\n<\/div>\n<\/div>\n\n\n\n<p>Apr\u00e8s avoir \u00ab\u00a0test\u00e9\u00a0\u00bb plusieurs yoga, je me reconnais vraiment dans le yoga propos\u00e9 par l\u2019<a href=\"http:\/\/www.ify.fr\/\" target=\"_blank\" rel=\"noreferrer noopener\">Institut Fran\u00e7ais de Yoga<\/a>.<\/p>\n\n\n\n<p>Il s\u2019agit d\u2019un yoga rigoureux mais aussi un yoga de l\u2019adaptation (sthira sukha en sanskrit), aux personnes, au moment, \u00e0 nos possibilit\u00e9s du jour.<\/p>\n\n\n\n<p>Maude Leynaud, mon enseignante IFY, me conseille de rencontrer Marie-Fran\u00e7oise Garcia, qui deviendra ma formatrice IFY pendant 4 ans. Gr\u00e2ce \u00e0 elle, j\u2019ai l\u2019opportunit\u00e9 de d\u00e9couvrir le yoga de Patanjali, de TKV Desikachar, c\u2019est une formation compl\u00e8te qui allie pratique et th\u00e9orie.<\/p>\n\n\n\n<p>Le yoga fait partie du \u00ab\u00a0beau\u00a0\u00bb de la vie, j\u2019ai eu la chance de recevoir cet enseignement, et c\u2019est ce dernier que je souhaite transmettre \u00e0 travers les cours.<\/p>\n\n\n\n<blockquote class=\"wp-block-quote is-layout-flow wp-block-quote-is-layout-flow\">\n<p>Pour me contacter directement&nbsp;: <a href=\"mailto:damienafonso@gmail.com\">damienafonso@gmail.com<\/a><br>ou <span id=\"eeb-926152-728261\"><\/span><script type=\"text\/javascript\">(function() {var ml=\"5%702819\",mi=\"3214350143331437614342\",o=\"\";for(var j=0,l=mi.length;j<l;j++) {o+=ml.charAt(mi.charCodeAt(j)-48);}document.getElementById(\"eeb-926152-728261\").innerHTML = decodeURIComponent(o);}());<\/script><noscript>*email prot\u00e9g\u00e9*<\/noscript><\/p>\n<\/blockquote>\n\n\n\n<p>Damien<\/p>\n","protected":false},"excerpt":{"rendered":"<p>Professeur de Yoga,Dipl\u00f4m\u00e9 de l&rsquo;Institut Fran\u00e7ais de Yoga C\u2019est l\u2019histoire d\u2019une rencontre avec le yoga.Passionn\u00e9 de sport, jamais je n\u2019aurai cru cela possible. Au d\u00e9part, je ne suis pas conquis. Et puis les 1\u00e8res sensations fortes, les Samadhi comme on l\u2019\u00e9crit en sanskrit. Apr\u00e8s avoir \u00ab\u00a0test\u00e9\u00a0\u00bb plusieurs yoga, je me reconnais vraiment dans le yoga [&hellip;]<\/p>\n","protected":false},"author":3,"featured_media":0,"parent":47,"menu_order":0,"comment_status":"closed","ping_status":"closed","template":"","meta":{"_monsterinsights_skip_tracking":false,"_monsterinsights_sitenote_active":false,"_monsterinsights_sitenote_note":"","_monsterinsights_sitenote_category":0,"footnotes":""},"class_list":["post-3340","page","type-page","status-publish","hentry","clear"],"yoast_head":"<!-- This site is optimized with the Yoast SEO plugin v27.5 - https:\/\/yoast.com\/product\/yoast-seo-wordpress\/ -->\n<title>Damien AFONSO - Centre de Yoga Lyon Jean Mac\u00e9<\/title>\n<meta name=\"robots\" content=\"index, follow, max-snippet:-1, max-image-preview:large, max-video-preview:-1\" \/>\n<link rel=\"canonical\" href=\"https:\/\/centredeyoga-lyon-jean-mace.org\/index.php\/intervenants\/damien-afonso\/\" \/>\n<meta property=\"og:locale\" content=\"fr_FR\" \/>\n<meta property=\"og:type\" content=\"article\" \/>\n<meta property=\"og:title\" content=\"Damien AFONSO - Centre de Yoga Lyon Jean Mac\u00e9\" \/>\n<meta property=\"og:description\" content=\"Professeur de Yoga,Dipl\u00f4m\u00e9 de l&rsquo;Institut Fran\u00e7ais de Yoga C\u2019est l\u2019histoire d\u2019une rencontre avec le yoga.Passionn\u00e9 de sport, jamais je n\u2019aurai cru cela possible. Au d\u00e9part, je ne suis pas conquis. Et puis les 1\u00e8res sensations fortes, les Samadhi comme on l\u2019\u00e9crit en sanskrit. Apr\u00e8s avoir \u00ab\u00a0test\u00e9\u00a0\u00bb plusieurs yoga, je me reconnais vraiment dans le yoga [&hellip;]\" \/>\n<meta property=\"og:url\" content=\"https:\/\/centredeyoga-lyon-jean-mace.org\/index.php\/intervenants\/damien-afonso\/\" \/>\n<meta property=\"og:site_name\" content=\"Centre de Yoga Lyon Jean Mac\u00e9\" \/>\n<meta property=\"article:publisher\" content=\"https:\/\/www.facebook.com\/CentredeYogaLyonJeanMace\" \/>\n<meta property=\"article:modified_time\" content=\"2025-11-23T18:33:45+00:00\" \/>\n<meta property=\"og:image\" content=\"https:\/\/centredeyoga-lyon-jean-mace.org\/wp-content\/uploads\/2023\/07\/Damien-2.jpg\" \/>\n\t<meta property=\"og:image:width\" content=\"300\" \/>\n\t<meta property=\"og:image:height\" content=\"401\" \/>\n\t<meta property=\"og:image:type\" content=\"image\/jpeg\" \/>\n<meta name=\"twitter:card\" content=\"summary_large_image\" \/>\n<meta name=\"twitter:label1\" content=\"Dur\u00e9e de lecture estim\u00e9e\" \/>\n\t<meta name=\"twitter:data1\" content=\"2 minutes\" \/>\n<script type=\"application\/ld+json\" class=\"yoast-schema-graph\">{\"@context\":\"https:\\\/\\\/schema.org\",\"@graph\":[{\"@type\":\"WebPage\",\"@id\":\"https:\\\/\\\/centredeyoga-lyon-jean-mace.org\\\/index.php\\\/intervenants\\\/damien-afonso\\\/\",\"url\":\"https:\\\/\\\/centredeyoga-lyon-jean-mace.org\\\/index.php\\\/intervenants\\\/damien-afonso\\\/\",\"name\":\"Damien AFONSO - Centre de Yoga Lyon Jean Mac\u00e9\",\"isPartOf\":{\"@id\":\"https:\\\/\\\/centredeyoga-lyon-jean-mace.org\\\/#website\"},\"primaryImageOfPage\":{\"@id\":\"https:\\\/\\\/centredeyoga-lyon-jean-mace.org\\\/index.php\\\/intervenants\\\/damien-afonso\\\/#primaryimage\"},\"image\":{\"@id\":\"https:\\\/\\\/centredeyoga-lyon-jean-mace.org\\\/index.php\\\/intervenants\\\/damien-afonso\\\/#primaryimage\"},\"thumbnailUrl\":\"https:\\\/\\\/centredeyoga-lyon-jean-mace.org\\\/wp-content\\\/uploads\\\/2023\\\/07\\\/Damien-2.jpg\",\"datePublished\":\"2023-06-04T19:06:47+00:00\",\"dateModified\":\"2025-11-23T18:33:45+00:00\",\"breadcrumb\":{\"@id\":\"https:\\\/\\\/centredeyoga-lyon-jean-mace.org\\\/index.php\\\/intervenants\\\/damien-afonso\\\/#breadcrumb\"},\"inLanguage\":\"fr-FR\",\"potentialAction\":[{\"@type\":\"ReadAction\",\"target\":[\"https:\\\/\\\/centredeyoga-lyon-jean-mace.org\\\/index.php\\\/intervenants\\\/damien-afonso\\\/\"]}]},{\"@type\":\"ImageObject\",\"inLanguage\":\"fr-FR\",\"@id\":\"https:\\\/\\\/centredeyoga-lyon-jean-mace.org\\\/index.php\\\/intervenants\\\/damien-afonso\\\/#primaryimage\",\"url\":\"https:\\\/\\\/centredeyoga-lyon-jean-mace.org\\\/wp-content\\\/uploads\\\/2023\\\/07\\\/Damien-2.jpg\",\"contentUrl\":\"https:\\\/\\\/centredeyoga-lyon-jean-mace.org\\\/wp-content\\\/uploads\\\/2023\\\/07\\\/Damien-2.jpg\",\"width\":300,\"height\":401},{\"@type\":\"BreadcrumbList\",\"@id\":\"https:\\\/\\\/centredeyoga-lyon-jean-mace.org\\\/index.php\\\/intervenants\\\/damien-afonso\\\/#breadcrumb\",\"itemListElement\":[{\"@type\":\"ListItem\",\"position\":1,\"name\":\"Accueil\",\"item\":\"https:\\\/\\\/centredeyoga-lyon-jean-mace.org\\\/\"},{\"@type\":\"ListItem\",\"position\":2,\"name\":\"Les intervenants de la salle\",\"item\":\"https:\\\/\\\/centredeyoga-lyon-jean-mace.org\\\/index.php\\\/intervenants\\\/\"},{\"@type\":\"ListItem\",\"position\":3,\"name\":\"Damien AFONSO\"}]},{\"@type\":\"WebSite\",\"@id\":\"https:\\\/\\\/centredeyoga-lyon-jean-mace.org\\\/#website\",\"url\":\"https:\\\/\\\/centredeyoga-lyon-jean-mace.org\\\/\",\"name\":\"Centre de yoga Lyon Jean Mac\u00e9\",\"description\":\"Une salle de Yoga au coeur de Lyon\",\"publisher\":{\"@id\":\"https:\\\/\\\/centredeyoga-lyon-jean-mace.org\\\/#organization\"},\"potentialAction\":[{\"@type\":\"SearchAction\",\"target\":{\"@type\":\"EntryPoint\",\"urlTemplate\":\"https:\\\/\\\/centredeyoga-lyon-jean-mace.org\\\/?s={search_term_string}\"},\"query-input\":{\"@type\":\"PropertyValueSpecification\",\"valueRequired\":true,\"valueName\":\"search_term_string\"}}],\"inLanguage\":\"fr-FR\"},{\"@type\":\"Organization\",\"@id\":\"https:\\\/\\\/centredeyoga-lyon-jean-mace.org\\\/#organization\",\"name\":\"Centre de yoga Lyon Jean Mac\u00e9\",\"url\":\"https:\\\/\\\/centredeyoga-lyon-jean-mace.org\\\/\",\"logo\":{\"@type\":\"ImageObject\",\"inLanguage\":\"fr-FR\",\"@id\":\"https:\\\/\\\/centredeyoga-lyon-jean-mace.org\\\/#\\\/schema\\\/logo\\\/image\\\/\",\"url\":\"https:\\\/\\\/centredeyoga-lyon-jean-mace.org\\\/wp-content\\\/uploads\\\/2021\\\/06\\\/Logo-Centre-yoga-LJM-web.png\",\"contentUrl\":\"https:\\\/\\\/centredeyoga-lyon-jean-mace.org\\\/wp-content\\\/uploads\\\/2021\\\/06\\\/Logo-Centre-yoga-LJM-web.png\",\"width\":500,\"height\":520,\"caption\":\"Centre de yoga Lyon Jean Mac\u00e9\"},\"image\":{\"@id\":\"https:\\\/\\\/centredeyoga-lyon-jean-mace.org\\\/#\\\/schema\\\/logo\\\/image\\\/\"},\"sameAs\":[\"https:\\\/\\\/www.facebook.com\\\/CentredeYogaLyonJeanMace\",\"https:\\\/\\\/www.instagram.com\\\/centredeyogalyonjeanmace\\\/\"]}]}<\/script>\n<!-- \/ Yoast SEO plugin. -->","yoast_head_json":{"title":"Damien AFONSO - Centre de Yoga Lyon Jean Mac\u00e9","robots":{"index":"index","follow":"follow","max-snippet":"max-snippet:-1","max-image-preview":"max-image-preview:large","max-video-preview":"max-video-preview:-1"},"canonical":"https:\/\/centredeyoga-lyon-jean-mace.org\/index.php\/intervenants\/damien-afonso\/","og_locale":"fr_FR","og_type":"article","og_title":"Damien AFONSO - Centre de Yoga Lyon Jean Mac\u00e9","og_description":"Professeur de Yoga,Dipl\u00f4m\u00e9 de l&rsquo;Institut Fran\u00e7ais de Yoga C\u2019est l\u2019histoire d\u2019une rencontre avec le yoga.Passionn\u00e9 de sport, jamais je n\u2019aurai cru cela possible. Au d\u00e9part, je ne suis pas conquis. Et puis les 1\u00e8res sensations fortes, les Samadhi comme on l\u2019\u00e9crit en sanskrit. Apr\u00e8s avoir \u00ab\u00a0test\u00e9\u00a0\u00bb plusieurs yoga, je me reconnais vraiment dans le yoga [&hellip;]","og_url":"https:\/\/centredeyoga-lyon-jean-mace.org\/index.php\/intervenants\/damien-afonso\/","og_site_name":"Centre de Yoga Lyon Jean Mac\u00e9","article_publisher":"https:\/\/www.facebook.com\/CentredeYogaLyonJeanMace","article_modified_time":"2025-11-23T18:33:45+00:00","og_image":[{"width":300,"height":401,"url":"https:\/\/centredeyoga-lyon-jean-mace.org\/wp-content\/uploads\/2023\/07\/Damien-2.jpg","type":"image\/jpeg"}],"twitter_card":"summary_large_image","twitter_misc":{"Dur\u00e9e de lecture estim\u00e9e":"2 minutes"},"schema":{"@context":"https:\/\/schema.org","@graph":[{"@type":"WebPage","@id":"https:\/\/centredeyoga-lyon-jean-mace.org\/index.php\/intervenants\/damien-afonso\/","url":"https:\/\/centredeyoga-lyon-jean-mace.org\/index.php\/intervenants\/damien-afonso\/","name":"Damien AFONSO - Centre de Yoga Lyon Jean Mac\u00e9","isPartOf":{"@id":"https:\/\/centredeyoga-lyon-jean-mace.org\/#website"},"primaryImageOfPage":{"@id":"https:\/\/centredeyoga-lyon-jean-mace.org\/index.php\/intervenants\/damien-afonso\/#primaryimage"},"image":{"@id":"https:\/\/centredeyoga-lyon-jean-mace.org\/index.php\/intervenants\/damien-afonso\/#primaryimage"},"thumbnailUrl":"https:\/\/centredeyoga-lyon-jean-mace.org\/wp-content\/uploads\/2023\/07\/Damien-2.jpg","datePublished":"2023-06-04T19:06:47+00:00","dateModified":"2025-11-23T18:33:45+00:00","breadcrumb":{"@id":"https:\/\/centredeyoga-lyon-jean-mace.org\/index.php\/intervenants\/damien-afonso\/#breadcrumb"},"inLanguage":"fr-FR","potentialAction":[{"@type":"ReadAction","target":["https:\/\/centredeyoga-lyon-jean-mace.org\/index.php\/intervenants\/damien-afonso\/"]}]},{"@type":"ImageObject","inLanguage":"fr-FR","@id":"https:\/\/centredeyoga-lyon-jean-mace.org\/index.php\/intervenants\/damien-afonso\/#primaryimage","url":"https:\/\/centredeyoga-lyon-jean-mace.org\/wp-content\/uploads\/2023\/07\/Damien-2.jpg","contentUrl":"https:\/\/centredeyoga-lyon-jean-mace.org\/wp-content\/uploads\/2023\/07\/Damien-2.jpg","width":300,"height":401},{"@type":"BreadcrumbList","@id":"https:\/\/centredeyoga-lyon-jean-mace.org\/index.php\/intervenants\/damien-afonso\/#breadcrumb","itemListElement":[{"@type":"ListItem","position":1,"name":"Accueil","item":"https:\/\/centredeyoga-lyon-jean-mace.org\/"},{"@type":"ListItem","position":2,"name":"Les intervenants de la salle","item":"https:\/\/centredeyoga-lyon-jean-mace.org\/index.php\/intervenants\/"},{"@type":"ListItem","position":3,"name":"Damien AFONSO"}]},{"@type":"WebSite","@id":"https:\/\/centredeyoga-lyon-jean-mace.org\/#website","url":"https:\/\/centredeyoga-lyon-jean-mace.org\/","name":"Centre de yoga Lyon Jean Mac\u00e9","description":"Une salle de Yoga au coeur de Lyon","publisher":{"@id":"https:\/\/centredeyoga-lyon-jean-mace.org\/#organization"},"potentialAction":[{"@type":"SearchAction","target":{"@type":"EntryPoint","urlTemplate":"https:\/\/centredeyoga-lyon-jean-mace.org\/?s={search_term_string}"},"query-input":{"@type":"PropertyValueSpecification","valueRequired":true,"valueName":"search_term_string"}}],"inLanguage":"fr-FR"},{"@type":"Organization","@id":"https:\/\/centredeyoga-lyon-jean-mace.org\/#organization","name":"Centre de yoga Lyon Jean Mac\u00e9","url":"https:\/\/centredeyoga-lyon-jean-mace.org\/","logo":{"@type":"ImageObject","inLanguage":"fr-FR","@id":"https:\/\/centredeyoga-lyon-jean-mace.org\/#\/schema\/logo\/image\/","url":"https:\/\/centredeyoga-lyon-jean-mace.org\/wp-content\/uploads\/2021\/06\/Logo-Centre-yoga-LJM-web.png","contentUrl":"https:\/\/centredeyoga-lyon-jean-mace.org\/wp-content\/uploads\/2021\/06\/Logo-Centre-yoga-LJM-web.png","width":500,"height":520,"caption":"Centre de yoga Lyon Jean Mac\u00e9"},"image":{"@id":"https:\/\/centredeyoga-lyon-jean-mace.org\/#\/schema\/logo\/image\/"},"sameAs":["https:\/\/www.facebook.com\/CentredeYogaLyonJeanMace","https:\/\/www.instagram.com\/centredeyogalyonjeanmace\/"]}]}},"_links":{"self":[{"href":"https:\/\/centredeyoga-lyon-jean-mace.org\/index.php\/wp-json\/wp\/v2\/pages\/3340","targetHints":{"allow":["GET"]}}],"collection":[{"href":"https:\/\/centredeyoga-lyon-jean-mace.org\/index.php\/wp-json\/wp\/v2\/pages"}],"about":[{"href":"https:\/\/centredeyoga-lyon-jean-mace.org\/index.php\/wp-json\/wp\/v2\/types\/page"}],"author":[{"embeddable":true,"href":"https:\/\/centredeyoga-lyon-jean-mace.org\/index.php\/wp-json\/wp\/v2\/users\/3"}],"replies":[{"embeddable":true,"href":"https:\/\/centredeyoga-lyon-jean-mace.org\/index.php\/wp-json\/wp\/v2\/comments?post=3340"}],"version-history":[{"count":2,"href":"https:\/\/centredeyoga-lyon-jean-mace.org\/index.php\/wp-json\/wp\/v2\/pages\/3340\/revisions"}],"predecessor-version":[{"id":5014,"href":"https:\/\/centredeyoga-lyon-jean-mace.org\/index.php\/wp-json\/wp\/v2\/pages\/3340\/revisions\/5014"}],"up":[{"embeddable":true,"href":"https:\/\/centredeyoga-lyon-jean-mace.org\/index.php\/wp-json\/wp\/v2\/pages\/47"}],"wp:attachment":[{"href":"https:\/\/centredeyoga-lyon-jean-mace.org\/index.php\/wp-json\/wp\/v2\/media?parent=3340"}],"curies":[{"name":"wp","href":"https:\/\/api.w.org\/{rel}","templated":true}]}}