{"id":3926,"date":"2024-08-30T15:43:57","date_gmt":"2024-08-30T13:43:57","guid":{"rendered":"https:\/\/centredeyoga-lyon-jean-mace.org\/?page_id=3926"},"modified":"2025-11-23T11:54:51","modified_gmt":"2025-11-23T09:54:51","slug":"kundalini-activation","status":"publish","type":"page","link":"https:\/\/centredeyoga-lyon-jean-mace.org\/index.php\/autres-activites\/kundalini-activation\/","title":{"rendered":"Kundalini Activation"},"content":{"rendered":"\n<div class=\"wp-block-columns is-layout-flex wp-container-core-columns-is-layout-9d6595d7 wp-block-columns-is-layout-flex\">\n<div class=\"wp-block-column is-layout-flow wp-block-column-is-layout-flow\" style=\"flex-basis:33.33%\">\n<figure class=\"wp-block-image size-full is-resized\"><img loading=\"lazy\" decoding=\"async\" width=\"475\" height=\"479\" src=\"https:\/\/centredeyoga-lyon-jean-mace.org\/wp-content\/uploads\/2024\/09\/logo.png\" alt=\"\" class=\"wp-image-4028\" style=\"width:226px;height:auto\" srcset=\"https:\/\/centredeyoga-lyon-jean-mace.org\/wp-content\/uploads\/2024\/09\/logo.png 475w, https:\/\/centredeyoga-lyon-jean-mace.org\/wp-content\/uploads\/2024\/09\/logo-150x150.png 150w, https:\/\/centredeyoga-lyon-jean-mace.org\/wp-content\/uploads\/2024\/09\/logo-297x300.png 297w\" sizes=\"auto, (max-width: 475px) 100vw, 475px\" \/><\/figure>\n<\/div>\n\n\n\n<div class=\"wp-block-column is-vertically-aligned-center is-layout-flow wp-block-column-is-layout-flow\" style=\"flex-basis:66.66%\">\n<p>Il s\u2019agit d\u2019un processus \u00e9nerg\u00e9tique et spirituel qui vise <strong>\u00e0 \u00e9veiller et \u00e0 faire circuler votre \u00e9nergie vitale<\/strong>. Par effet de r\u00e9sonance vibratoire et port\u00e9 par une playlist sp\u00e9cifiquement con\u00e7ue pour ce travail, vous entrez en \u00e9tat de transe l\u00e9g\u00e8re&nbsp;: votre h\u00e9misph\u00e8re c\u00e9r\u00e9bral gauche se met en pause pour laisser la partie droite s\u2018exprimer. Votre intelligence corporelle peut alors se manifester et activer vos pouvoirs d\u2019auto-gu\u00e9rison.<\/p>\n<\/div>\n<\/div>\n\n\n\n<div class=\"wp-block-columns is-layout-flex wp-container-core-columns-is-layout-9d6595d7 wp-block-columns-is-layout-flex\">\n<div class=\"wp-block-column is-vertically-aligned-center is-layout-flow wp-block-column-is-layout-flow\">\n<p>La Kundalini Activation est un processus fin, subtil et profond qui ne vous am\u00e8ne jamais plus loin que ce que vous \u00eates en mesure d\u2019accueillir. Vous restez <strong>totalement conscient durant toute l\u2019activation<\/strong>.<\/p>\n\n\n\n<p>En lib\u00e9rant les flux d\u2019\u00e9nergies bloqu\u00e9s, vous am\u00e9liorez votre sant\u00e9 g\u00e9n\u00e9rale sur le plan physique, \u00e9nerg\u00e9tique, \u00e9motionnel et mental&nbsp;; vous vous connectez \u00e0 votre Supraconscience et aux dimensions magiques du monde qui vous entoure.<\/p>\n<\/div>\n\n\n\n<div class=\"wp-block-column is-layout-flow wp-block-column-is-layout-flow\">\n<figure class=\"wp-block-image size-large\"><img loading=\"lazy\" decoding=\"async\" width=\"881\" height=\"1024\" src=\"https:\/\/centredeyoga-lyon-jean-mace.org\/wp-content\/uploads\/2025\/11\/DSC08520-Coupe-881x1024.jpg\" alt=\"s\u00e9ance de kundalini activation\" class=\"wp-image-4993\" srcset=\"https:\/\/centredeyoga-lyon-jean-mace.org\/wp-content\/uploads\/2025\/11\/DSC08520-Coupe-881x1024.jpg 881w, https:\/\/centredeyoga-lyon-jean-mace.org\/wp-content\/uploads\/2025\/11\/DSC08520-Coupe-258x300.jpg 258w, https:\/\/centredeyoga-lyon-jean-mace.org\/wp-content\/uploads\/2025\/11\/DSC08520-Coupe-768x892.jpg 768w, https:\/\/centredeyoga-lyon-jean-mace.org\/wp-content\/uploads\/2025\/11\/DSC08520-Coupe-1322x1536.jpg 1322w, https:\/\/centredeyoga-lyon-jean-mace.org\/wp-content\/uploads\/2025\/11\/DSC08520-Coupe-1763x2048.jpg 1763w\" sizes=\"auto, (max-width: 881px) 100vw, 881px\" \/><\/figure>\n<\/div>\n<\/div>\n\n\n\n<p><em><strong>Contre-indications&nbsp;:<\/strong><br>\u2013 Psychiques : pathologies ou ant\u00e9c\u00e9dents de pathologie psychiatrique, bipolarit\u00e9, schizophr\u00e9nie, personne sous traitement neuroleptique ou antipsychotique\u2026<br>\u2013 Physiques : troubles cardio-vasculaires (ant\u00e9c\u00e9dents infarctus, AVC\u2026), hypertension art\u00e9rielle, \u00e9pilepsie, glaucome, asthme s\u00e9v\u00e8re, intervention chirurgicale r\u00e9cente, femmes enceintes.<\/em><\/p>\n\n\n\n<p><\/p>\n\n\n\n<h4 class=\"wp-block-heading\" id=\"organisation-sur-l-annee\">Organisation sur l&rsquo;ann\u00e9e au Centre de Yoga Lyon Jean Mac\u00e9<\/h4>\n\n\n\n<p>La Kundalini Activation est propos\u00e9e par <a href=\"https:\/\/centredeyoga-lyon-jean-mace.org\/index.php\/intervenants\/lucie-richard\/\">Lucie<\/a>. Cette ann\u00e9e, elle vous propose :<\/p>\n\n\n\n<ul class=\"wp-block-list\">\n<li>des <strong>ateliers, certains dimanches apr\u00e8s-midis<\/strong> : les dates sont indiqu\u00e9es dans les \u00e9v\u00e8nements \u00e0 droite de cette page et inscrivez-vous directement en ligne \u00e0 <a href=\"https:\/\/www.lucierichard.fr\/reservation\" target=\"_blank\" rel=\"noreferrer noopener\">https:\/\/www.lucierichard.fr\/reservation<\/a><\/li>\n<\/ul>\n\n\n\n<hr class=\"wp-block-separator has-text-color has-luminous-vivid-orange-color has-css-opacity has-luminous-vivid-orange-background-color has-background is-style-dots\"\/>\n\n\n\n<h5 class=\"wp-block-heading\" id=\"pilatessophrologie\"><a href=\"https:\/\/centredeyoga-lyon-jean-mace.org\/index.php\/autres-activites\/consultation-et-massage-ayurvediques\/\">Consultations et massages ayurv\u00e9diques<\/a><br><a href=\"https:\/\/centredeyoga-lyon-jean-mace.org\/index.php\/autres-activites\/atelier-deveil-musical-parents-bebes\/\">\u00c9veil musical parents-b\u00e9b\u00e9s<\/a><br><a href=\"https:\/\/centredeyoga-lyon-jean-mace.org\/index.php\/autres-activites\/formation-en-massages\/\">Formation en massages<\/a><br><a href=\"https:\/\/centredeyoga-lyon-jean-mace.org\/index.php\/autres-activites\/kundalini-activation\/\">Kundalini Activation<\/a><br><a href=\"https:\/\/centredeyoga-lyon-jean-mace.org\/index.php\/autres-activites\/meditation-pleine-conscience\/\">M\u00e9ditation pleine conscience<\/a><br><a href=\"https:\/\/centredeyoga-lyon-jean-mace.org\/index.php\/autres-activites\/pilates\/\">Pilates<\/a><br><a href=\"https:\/\/centredeyoga-lyon-jean-mace.org\/index.php\/autres-activites\/soins-rebozo\/\">Soins REBOZO<\/a><br><a href=\"http:\/\/centredeyoga-lyon-jean-mace.org\/index.php\/autres-activites\/la-sophrologie\/\">Sophrologie<\/a><\/h5>\n","protected":false},"excerpt":{"rendered":"<p>Il s\u2019agit d\u2019un processus \u00e9nerg\u00e9tique et spirituel qui vise \u00e0 \u00e9veiller et \u00e0 faire circuler votre \u00e9nergie vitale. Par effet de r\u00e9sonance vibratoire et port\u00e9 par une playlist sp\u00e9cifiquement con\u00e7ue pour ce travail, vous entrez en \u00e9tat de transe l\u00e9g\u00e8re&nbsp;: votre h\u00e9misph\u00e8re c\u00e9r\u00e9bral gauche se met en pause pour laisser la partie droite s\u2018exprimer. Votre [&hellip;]<\/p>\n","protected":false},"author":3,"featured_media":0,"parent":468,"menu_order":0,"comment_status":"closed","ping_status":"closed","template":"","meta":{"_monsterinsights_skip_tracking":false,"_monsterinsights_sitenote_active":false,"_monsterinsights_sitenote_note":"","_monsterinsights_sitenote_category":0,"footnotes":""},"class_list":["post-3926","page","type-page","status-publish","hentry","clear"],"yoast_head":"<!-- This site is optimized with the Yoast SEO plugin v27.5 - https:\/\/yoast.com\/product\/yoast-seo-wordpress\/ -->\n<title>Kundalini Activation - Centre de Yoga Lyon Jean Mac\u00e9<\/title>\n<meta name=\"robots\" content=\"index, follow, max-snippet:-1, max-image-preview:large, max-video-preview:-1\" \/>\n<link rel=\"canonical\" href=\"https:\/\/centredeyoga-lyon-jean-mace.org\/index.php\/autres-activites\/kundalini-activation\/\" \/>\n<meta property=\"og:locale\" content=\"fr_FR\" \/>\n<meta property=\"og:type\" content=\"article\" \/>\n<meta property=\"og:title\" content=\"Kundalini Activation - Centre de Yoga Lyon Jean Mac\u00e9\" \/>\n<meta property=\"og:description\" content=\"Il s\u2019agit d\u2019un processus \u00e9nerg\u00e9tique et spirituel qui vise \u00e0 \u00e9veiller et \u00e0 faire circuler votre \u00e9nergie vitale. Par effet de r\u00e9sonance vibratoire et port\u00e9 par une playlist sp\u00e9cifiquement con\u00e7ue pour ce travail, vous entrez en \u00e9tat de transe l\u00e9g\u00e8re&nbsp;: votre h\u00e9misph\u00e8re c\u00e9r\u00e9bral gauche se met en pause pour laisser la partie droite s\u2018exprimer. Votre [&hellip;]\" \/>\n<meta property=\"og:url\" content=\"https:\/\/centredeyoga-lyon-jean-mace.org\/index.php\/autres-activites\/kundalini-activation\/\" \/>\n<meta property=\"og:site_name\" content=\"Centre de Yoga Lyon Jean Mac\u00e9\" \/>\n<meta property=\"article:publisher\" content=\"https:\/\/www.facebook.com\/CentredeYogaLyonJeanMace\" \/>\n<meta property=\"article:modified_time\" content=\"2025-11-23T09:54:51+00:00\" \/>\n<meta property=\"og:image\" content=\"https:\/\/centredeyoga-lyon-jean-mace.org\/wp-content\/uploads\/2024\/09\/logo.png\" \/>\n\t<meta property=\"og:image:width\" content=\"475\" \/>\n\t<meta property=\"og:image:height\" content=\"479\" \/>\n\t<meta property=\"og:image:type\" content=\"image\/png\" \/>\n<meta name=\"twitter:card\" content=\"summary_large_image\" \/>\n<meta name=\"twitter:label1\" content=\"Dur\u00e9e de lecture estim\u00e9e\" \/>\n\t<meta name=\"twitter:data1\" content=\"2 minutes\" \/>\n<script type=\"application\/ld+json\" class=\"yoast-schema-graph\">{\"@context\":\"https:\\\/\\\/schema.org\",\"@graph\":[{\"@type\":\"WebPage\",\"@id\":\"https:\\\/\\\/centredeyoga-lyon-jean-mace.org\\\/index.php\\\/autres-activites\\\/kundalini-activation\\\/\",\"url\":\"https:\\\/\\\/centredeyoga-lyon-jean-mace.org\\\/index.php\\\/autres-activites\\\/kundalini-activation\\\/\",\"name\":\"Kundalini Activation - Centre de Yoga Lyon Jean Mac\u00e9\",\"isPartOf\":{\"@id\":\"https:\\\/\\\/centredeyoga-lyon-jean-mace.org\\\/#website\"},\"primaryImageOfPage\":{\"@id\":\"https:\\\/\\\/centredeyoga-lyon-jean-mace.org\\\/index.php\\\/autres-activites\\\/kundalini-activation\\\/#primaryimage\"},\"image\":{\"@id\":\"https:\\\/\\\/centredeyoga-lyon-jean-mace.org\\\/index.php\\\/autres-activites\\\/kundalini-activation\\\/#primaryimage\"},\"thumbnailUrl\":\"https:\\\/\\\/centredeyoga-lyon-jean-mace.org\\\/wp-content\\\/uploads\\\/2024\\\/09\\\/logo.png\",\"datePublished\":\"2024-08-30T13:43:57+00:00\",\"dateModified\":\"2025-11-23T09:54:51+00:00\",\"breadcrumb\":{\"@id\":\"https:\\\/\\\/centredeyoga-lyon-jean-mace.org\\\/index.php\\\/autres-activites\\\/kundalini-activation\\\/#breadcrumb\"},\"inLanguage\":\"fr-FR\",\"potentialAction\":[{\"@type\":\"ReadAction\",\"target\":[\"https:\\\/\\\/centredeyoga-lyon-jean-mace.org\\\/index.php\\\/autres-activites\\\/kundalini-activation\\\/\"]}]},{\"@type\":\"ImageObject\",\"inLanguage\":\"fr-FR\",\"@id\":\"https:\\\/\\\/centredeyoga-lyon-jean-mace.org\\\/index.php\\\/autres-activites\\\/kundalini-activation\\\/#primaryimage\",\"url\":\"https:\\\/\\\/centredeyoga-lyon-jean-mace.org\\\/wp-content\\\/uploads\\\/2024\\\/09\\\/logo.png\",\"contentUrl\":\"https:\\\/\\\/centredeyoga-lyon-jean-mace.org\\\/wp-content\\\/uploads\\\/2024\\\/09\\\/logo.png\",\"width\":475,\"height\":479},{\"@type\":\"BreadcrumbList\",\"@id\":\"https:\\\/\\\/centredeyoga-lyon-jean-mace.org\\\/index.php\\\/autres-activites\\\/kundalini-activation\\\/#breadcrumb\",\"itemListElement\":[{\"@type\":\"ListItem\",\"position\":1,\"name\":\"Accueil\",\"item\":\"https:\\\/\\\/centredeyoga-lyon-jean-mace.org\\\/\"},{\"@type\":\"ListItem\",\"position\":2,\"name\":\"Autres activit\u00e9s\",\"item\":\"https:\\\/\\\/centredeyoga-lyon-jean-mace.org\\\/index.php\\\/autres-activites\\\/\"},{\"@type\":\"ListItem\",\"position\":3,\"name\":\"Kundalini Activation\"}]},{\"@type\":\"WebSite\",\"@id\":\"https:\\\/\\\/centredeyoga-lyon-jean-mace.org\\\/#website\",\"url\":\"https:\\\/\\\/centredeyoga-lyon-jean-mace.org\\\/\",\"name\":\"Centre de yoga Lyon Jean Mac\u00e9\",\"description\":\"Une salle de Yoga au coeur de Lyon\",\"publisher\":{\"@id\":\"https:\\\/\\\/centredeyoga-lyon-jean-mace.org\\\/#organization\"},\"potentialAction\":[{\"@type\":\"SearchAction\",\"target\":{\"@type\":\"EntryPoint\",\"urlTemplate\":\"https:\\\/\\\/centredeyoga-lyon-jean-mace.org\\\/?s={search_term_string}\"},\"query-input\":{\"@type\":\"PropertyValueSpecification\",\"valueRequired\":true,\"valueName\":\"search_term_string\"}}],\"inLanguage\":\"fr-FR\"},{\"@type\":\"Organization\",\"@id\":\"https:\\\/\\\/centredeyoga-lyon-jean-mace.org\\\/#organization\",\"name\":\"Centre de yoga Lyon Jean Mac\u00e9\",\"url\":\"https:\\\/\\\/centredeyoga-lyon-jean-mace.org\\\/\",\"logo\":{\"@type\":\"ImageObject\",\"inLanguage\":\"fr-FR\",\"@id\":\"https:\\\/\\\/centredeyoga-lyon-jean-mace.org\\\/#\\\/schema\\\/logo\\\/image\\\/\",\"url\":\"https:\\\/\\\/centredeyoga-lyon-jean-mace.org\\\/wp-content\\\/uploads\\\/2021\\\/06\\\/Logo-Centre-yoga-LJM-web.png\",\"contentUrl\":\"https:\\\/\\\/centredeyoga-lyon-jean-mace.org\\\/wp-content\\\/uploads\\\/2021\\\/06\\\/Logo-Centre-yoga-LJM-web.png\",\"width\":500,\"height\":520,\"caption\":\"Centre de yoga Lyon Jean Mac\u00e9\"},\"image\":{\"@id\":\"https:\\\/\\\/centredeyoga-lyon-jean-mace.org\\\/#\\\/schema\\\/logo\\\/image\\\/\"},\"sameAs\":[\"https:\\\/\\\/www.facebook.com\\\/CentredeYogaLyonJeanMace\",\"https:\\\/\\\/www.instagram.com\\\/centredeyogalyonjeanmace\\\/\"]}]}<\/script>\n<!-- \/ Yoast SEO plugin. -->","yoast_head_json":{"title":"Kundalini Activation - Centre de Yoga Lyon Jean Mac\u00e9","robots":{"index":"index","follow":"follow","max-snippet":"max-snippet:-1","max-image-preview":"max-image-preview:large","max-video-preview":"max-video-preview:-1"},"canonical":"https:\/\/centredeyoga-lyon-jean-mace.org\/index.php\/autres-activites\/kundalini-activation\/","og_locale":"fr_FR","og_type":"article","og_title":"Kundalini Activation - Centre de Yoga Lyon Jean Mac\u00e9","og_description":"Il s\u2019agit d\u2019un processus \u00e9nerg\u00e9tique et spirituel qui vise \u00e0 \u00e9veiller et \u00e0 faire circuler votre \u00e9nergie vitale. Par effet de r\u00e9sonance vibratoire et port\u00e9 par une playlist sp\u00e9cifiquement con\u00e7ue pour ce travail, vous entrez en \u00e9tat de transe l\u00e9g\u00e8re&nbsp;: votre h\u00e9misph\u00e8re c\u00e9r\u00e9bral gauche se met en pause pour laisser la partie droite s\u2018exprimer. Votre [&hellip;]","og_url":"https:\/\/centredeyoga-lyon-jean-mace.org\/index.php\/autres-activites\/kundalini-activation\/","og_site_name":"Centre de Yoga Lyon Jean Mac\u00e9","article_publisher":"https:\/\/www.facebook.com\/CentredeYogaLyonJeanMace","article_modified_time":"2025-11-23T09:54:51+00:00","og_image":[{"width":475,"height":479,"url":"https:\/\/centredeyoga-lyon-jean-mace.org\/wp-content\/uploads\/2024\/09\/logo.png","type":"image\/png"}],"twitter_card":"summary_large_image","twitter_misc":{"Dur\u00e9e de lecture estim\u00e9e":"2 minutes"},"schema":{"@context":"https:\/\/schema.org","@graph":[{"@type":"WebPage","@id":"https:\/\/centredeyoga-lyon-jean-mace.org\/index.php\/autres-activites\/kundalini-activation\/","url":"https:\/\/centredeyoga-lyon-jean-mace.org\/index.php\/autres-activites\/kundalini-activation\/","name":"Kundalini Activation - Centre de Yoga Lyon Jean Mac\u00e9","isPartOf":{"@id":"https:\/\/centredeyoga-lyon-jean-mace.org\/#website"},"primaryImageOfPage":{"@id":"https:\/\/centredeyoga-lyon-jean-mace.org\/index.php\/autres-activites\/kundalini-activation\/#primaryimage"},"image":{"@id":"https:\/\/centredeyoga-lyon-jean-mace.org\/index.php\/autres-activites\/kundalini-activation\/#primaryimage"},"thumbnailUrl":"https:\/\/centredeyoga-lyon-jean-mace.org\/wp-content\/uploads\/2024\/09\/logo.png","datePublished":"2024-08-30T13:43:57+00:00","dateModified":"2025-11-23T09:54:51+00:00","breadcrumb":{"@id":"https:\/\/centredeyoga-lyon-jean-mace.org\/index.php\/autres-activites\/kundalini-activation\/#breadcrumb"},"inLanguage":"fr-FR","potentialAction":[{"@type":"ReadAction","target":["https:\/\/centredeyoga-lyon-jean-mace.org\/index.php\/autres-activites\/kundalini-activation\/"]}]},{"@type":"ImageObject","inLanguage":"fr-FR","@id":"https:\/\/centredeyoga-lyon-jean-mace.org\/index.php\/autres-activites\/kundalini-activation\/#primaryimage","url":"https:\/\/centredeyoga-lyon-jean-mace.org\/wp-content\/uploads\/2024\/09\/logo.png","contentUrl":"https:\/\/centredeyoga-lyon-jean-mace.org\/wp-content\/uploads\/2024\/09\/logo.png","width":475,"height":479},{"@type":"BreadcrumbList","@id":"https:\/\/centredeyoga-lyon-jean-mace.org\/index.php\/autres-activites\/kundalini-activation\/#breadcrumb","itemListElement":[{"@type":"ListItem","position":1,"name":"Accueil","item":"https:\/\/centredeyoga-lyon-jean-mace.org\/"},{"@type":"ListItem","position":2,"name":"Autres activit\u00e9s","item":"https:\/\/centredeyoga-lyon-jean-mace.org\/index.php\/autres-activites\/"},{"@type":"ListItem","position":3,"name":"Kundalini Activation"}]},{"@type":"WebSite","@id":"https:\/\/centredeyoga-lyon-jean-mace.org\/#website","url":"https:\/\/centredeyoga-lyon-jean-mace.org\/","name":"Centre de yoga Lyon Jean Mac\u00e9","description":"Une salle de Yoga au coeur de Lyon","publisher":{"@id":"https:\/\/centredeyoga-lyon-jean-mace.org\/#organization"},"potentialAction":[{"@type":"SearchAction","target":{"@type":"EntryPoint","urlTemplate":"https:\/\/centredeyoga-lyon-jean-mace.org\/?s={search_term_string}"},"query-input":{"@type":"PropertyValueSpecification","valueRequired":true,"valueName":"search_term_string"}}],"inLanguage":"fr-FR"},{"@type":"Organization","@id":"https:\/\/centredeyoga-lyon-jean-mace.org\/#organization","name":"Centre de yoga Lyon Jean Mac\u00e9","url":"https:\/\/centredeyoga-lyon-jean-mace.org\/","logo":{"@type":"ImageObject","inLanguage":"fr-FR","@id":"https:\/\/centredeyoga-lyon-jean-mace.org\/#\/schema\/logo\/image\/","url":"https:\/\/centredeyoga-lyon-jean-mace.org\/wp-content\/uploads\/2021\/06\/Logo-Centre-yoga-LJM-web.png","contentUrl":"https:\/\/centredeyoga-lyon-jean-mace.org\/wp-content\/uploads\/2021\/06\/Logo-Centre-yoga-LJM-web.png","width":500,"height":520,"caption":"Centre de yoga Lyon Jean Mac\u00e9"},"image":{"@id":"https:\/\/centredeyoga-lyon-jean-mace.org\/#\/schema\/logo\/image\/"},"sameAs":["https:\/\/www.facebook.com\/CentredeYogaLyonJeanMace","https:\/\/www.instagram.com\/centredeyogalyonjeanmace\/"]}]}},"_links":{"self":[{"href":"https:\/\/centredeyoga-lyon-jean-mace.org\/index.php\/wp-json\/wp\/v2\/pages\/3926","targetHints":{"allow":["GET"]}}],"collection":[{"href":"https:\/\/centredeyoga-lyon-jean-mace.org\/index.php\/wp-json\/wp\/v2\/pages"}],"about":[{"href":"https:\/\/centredeyoga-lyon-jean-mace.org\/index.php\/wp-json\/wp\/v2\/types\/page"}],"author":[{"embeddable":true,"href":"https:\/\/centredeyoga-lyon-jean-mace.org\/index.php\/wp-json\/wp\/v2\/users\/3"}],"replies":[{"embeddable":true,"href":"https:\/\/centredeyoga-lyon-jean-mace.org\/index.php\/wp-json\/wp\/v2\/comments?post=3926"}],"version-history":[{"count":14,"href":"https:\/\/centredeyoga-lyon-jean-mace.org\/index.php\/wp-json\/wp\/v2\/pages\/3926\/revisions"}],"predecessor-version":[{"id":4996,"href":"https:\/\/centredeyoga-lyon-jean-mace.org\/index.php\/wp-json\/wp\/v2\/pages\/3926\/revisions\/4996"}],"up":[{"embeddable":true,"href":"https:\/\/centredeyoga-lyon-jean-mace.org\/index.php\/wp-json\/wp\/v2\/pages\/468"}],"wp:attachment":[{"href":"https:\/\/centredeyoga-lyon-jean-mace.org\/index.php\/wp-json\/wp\/v2\/media?parent=3926"}],"curies":[{"name":"wp","href":"https:\/\/api.w.org\/{rel}","templated":true}]}}