{"id":4,"date":"2016-06-04T22:25:29","date_gmt":"2016-06-04T21:25:29","guid":{"rendered":"http:\/\/centredeyoga-lyon-jean-mace.org\/?page_id=4"},"modified":"2026-04-16T22:17:52","modified_gmt":"2026-04-16T20:17:52","slug":"accueil-centre-de-yoga-lyon-jean-mace","status":"publish","type":"page","link":"https:\/\/centredeyoga-lyon-jean-mace.org\/","title":{"rendered":"Accueil"},"content":{"rendered":"\n<h2 class=\"wp-block-heading has-luminous-vivid-orange-color has-text-color has-link-color wp-elements-f2c1f943dd324c09a666228fba4a831d\" id=\"bienvenue-au-centre-de-yoga-lyon-jean-mace-lyon-7\"><strong>Bienvenue au Centre de Yoga<\/strong><\/h2>\n\n\n\n<div class=\"wp-block-columns is-layout-flex wp-container-core-columns-is-layout-9d6595d7 wp-block-columns-is-layout-flex\">\n<div class=\"wp-block-column is-layout-flow wp-block-column-is-layout-flow\" style=\"flex-basis:23%\">\n<figure class=\"wp-block-image size-full\"><img loading=\"lazy\" decoding=\"async\" width=\"500\" height=\"520\" src=\"https:\/\/centredeyoga-lyon-jean-mace.org\/wp-content\/uploads\/2021\/06\/Logo-Centre-yoga-LJM-web.png\" alt=\"\" class=\"wp-image-2108\" srcset=\"https:\/\/centredeyoga-lyon-jean-mace.org\/wp-content\/uploads\/2021\/06\/Logo-Centre-yoga-LJM-web.png 500w, https:\/\/centredeyoga-lyon-jean-mace.org\/wp-content\/uploads\/2021\/06\/Logo-Centre-yoga-LJM-web-288x300.png 288w\" sizes=\"auto, (max-width: 500px) 100vw, 500px\" \/><\/figure>\n<\/div>\n\n\n\n<div class=\"wp-block-column is-layout-flow wp-block-column-is-layout-flow\" style=\"flex-basis:66.66%\">\n<p style=\"font-size:18px\">Le <strong>Centre de Yoga Lyon Jean Mac\u00e9<\/strong> (Lyon 7) a pour vocation de d\u00e9velopper la pratique et la connaissance du Yoga. Nous proposons diff\u00e9rentes activit\u00e9s, majoritairement autour de cette discipline ou sur le lien corps\/mental : Pilates, sophrologie, m\u00e9ditation, etc.<\/p>\n<\/div>\n<\/div>\n\n\n\n<div class=\"wp-block-group\"><div class=\"wp-block-group__inner-container is-layout-flow wp-block-group-is-layout-flow\">\n<div class=\"wp-block-columns are-vertically-aligned-center is-layout-flex wp-container-core-columns-is-layout-9d6595d7 wp-block-columns-is-layout-flex\">\n<div class=\"wp-block-column is-vertically-aligned-center is-layout-flow wp-block-column-is-layout-flow\" style=\"flex-basis:20%\"><div class=\"wp-block-image is-resized\">\n<figure class=\"aligncenter size-full\"><img loading=\"lazy\" decoding=\"async\" width=\"402\" height=\"391\" src=\"https:\/\/centredeyoga-lyon-jean-mace.org\/wp-content\/uploads\/2022\/03\/icone_news.png\" alt=\"Actualit\u00e9s centre de yoga\" class=\"wp-image-2715\" style=\"aspect-ratio:1.0281329923273657;width:72px;height:auto\" srcset=\"https:\/\/centredeyoga-lyon-jean-mace.org\/wp-content\/uploads\/2022\/03\/icone_news.png 402w, https:\/\/centredeyoga-lyon-jean-mace.org\/wp-content\/uploads\/2022\/03\/icone_news-300x292.png 300w\" sizes=\"auto, (max-width: 402px) 100vw, 402px\" \/><\/figure>\n<\/div><\/div>\n\n\n\n<div class=\"wp-block-column is-vertically-aligned-center is-layout-flow wp-block-column-is-layout-flow\" style=\"flex-basis:66.66%\">\n<h2 class=\"wp-block-heading has-text-color\" style=\"color:#6e1e14\"><strong>Actualit\u00e9s de la salle<\/strong><\/h2>\n\n\n\n<p class=\"has-text-align-right has-text-color has-small-font-size\" style=\"color:#6e1e14\"><em>mise \u00e0 jour le 13\/04\/26<\/em><\/p>\n<\/div>\n<\/div>\n\n\n\n<p>Pour suivre les derni\u00e8res informations <strong>inscrivez-vous \u00e0 notre Lettre d\u2019informations<\/strong> (<a href=\"https:\/\/centredeyoga-lyon-jean-mace.org\/index.php\/contact-yoga-lyon-7\/\">page contacts<\/a>) ou suivez-nous sur <a href=\"https:\/\/www.facebook.com\/Centre-de-Yoga-Lyon-Jean-Mac%C3%A9-110398057407790\/\" target=\"_blank\" rel=\"noreferrer noopener\">Facebook<\/a> ou <a href=\"https:\/\/www.instagram.com\/centredeyogalyonjeanmace\/\" target=\"_blank\" rel=\"noreferrer noopener\">Instagram<\/a>.<\/p>\n\n\n\n<div class=\"wp-block-group\"><div class=\"wp-block-group__inner-container is-layout-flow wp-block-group-is-layout-flow\">\n<blockquote class=\"wp-block-quote is-style-default is-layout-flow wp-block-quote-is-layout-flow\">\n<p>Un <strong>nouveau cr\u00e9neau de <a href=\"https:\/\/centredeyoga-lyon-jean-mace.org\/index.php\/le-yoga-pratique-et-effets\/yoga-doux-tres-adapte-sur-chaise\/\" type=\"page\" id=\"5172\">yoga doux\/tr\u00e8s adapt\u00e9<\/a><\/strong> vient d&rsquo;ouvrir, pour des personnes seniors, en convalescence ou malades, en surpoids, etc.<\/p>\n\n\n\n<p>Il reste <strong>quelques places de <a href=\"https:\/\/centredeyoga-lyon-jean-mace.org\/index.php\/le-yoga\/\">yoga<\/a> <\/strong>\u00e0 diff\u00e9rentes cr\u00e9neaux, notamment (mais pas que) :<br>&#8211; <strong>lundi <\/strong>\u00e0 <strong>16h30 <\/strong>avec <a href=\"https:\/\/centredeyoga-lyon-jean-mace.org\/index.php\/intervenants\/pascale-saulnier\/\">Pascale<\/a><br>&#8211; <strong>mardi <\/strong>\u00e0 <strong>20h10 <\/strong>avec <a href=\"https:\/\/centredeyoga-lyon-jean-mace.org\/index.php\/intervenants\/anne-sophie-torta\/\">Anne-Sophie<\/a><br>&#8211; <strong>mercredi <\/strong>\u00e0 <strong>12h30 <\/strong>avec <a href=\"https:\/\/centredeyoga-lyon-jean-mace.org\/index.php\/intervenants\/barbara-bernard\/\">Barbara<\/a> et \u00e0 <strong>16h <\/strong>avec <a href=\"https:\/\/centredeyoga-lyon-jean-mace.org\/index.php\/intervenants\/damien-afonso\/\">Damien<\/a><br>&#8211; <strong>Jeudi <\/strong>\u00e0 <strong>10h30 <\/strong>avec <a href=\"https:\/\/centredeyoga-lyon-jean-mace.org\/index.php\/intervenants\/laurent-simon\/\">Laurent<\/a>, \u00e0 <strong>12h30 <\/strong>avec <a href=\"https:\/\/centredeyoga-lyon-jean-mace.org\/index.php\/intervenants\/anne-sophie-torta\/\">Anne-Sophie<\/a> et \u00e0 <strong>20h15 <\/strong>avec <a href=\"https:\/\/centredeyoga-lyon-jean-mace.org\/index.php\/intervenants\/catherine-barentin\/\">Catherine<\/a><\/p>\n\n\n\n<p>Il est encore possible de r\u00e9server un cours d&rsquo;essai (tarif 10\u20ac) : retrouvez nos <a href=\"https:\/\/centredeyoga-lyon-jean-mace.org\/index.php\/cours\/cours-hebdomadaires-yoga-pilates-sophrologie-lyon-7\/\">diff\u00e9rents cr\u00e9neaux<\/a> et demandez directement aupr\u00e8s de l&rsquo;enseignant concern\u00e9 par le cr\u00e9neau qui vous int\u00e9resse.<\/p>\n<\/blockquote>\n<\/div><\/div>\n<\/div><\/div>\n\n\n\n<div class=\"wp-block-buttons is-horizontal is-content-justification-center is-layout-flex wp-container-core-buttons-is-layout-499968f5 wp-block-buttons-is-layout-flex\">\n<div class=\"wp-block-button\"><a class=\"wp-block-button__link has-white-color has-luminous-vivid-amber-to-luminous-vivid-orange-gradient-background has-text-color has-background wp-element-button\" href=\"http:\/\/centredeyoga-lyon-jean-mace.org\/index.php\/le-yoga\/\"><mark style=\"background-color:rgba(0, 0, 0, 0)\" class=\"has-inline-color has-white-color\"> <strong>Qu&rsquo;est-ce que le Yoga?<\/strong> <\/mark><\/a><\/div>\n\n\n\n<div class=\"wp-block-button\"><a class=\"wp-block-button__link has-white-color has-luminous-vivid-amber-to-luminous-vivid-orange-gradient-background has-text-color has-background wp-element-button\" href=\"https:\/\/centredeyoga-lyon-jean-mace.org\/index.php\/cours\/cours-hebdomadaires-yoga-pilates-sophrologie-lyon-7\/\"><strong>S&rsquo;inscrire? Faire un cours d&rsquo;essai?<\/strong><\/a><\/div>\n<\/div>\n\n\n\n<hr class=\"wp-block-separator has-text-color has-luminous-vivid-orange-color has-css-opacity has-luminous-vivid-orange-background-color has-background is-style-wide\"\/>\n\n\n\n<h3 class=\"wp-block-heading\" id=\"le-centre-de-yoga-en-quelques-mots\">Le centre de Yoga en quelques mots<\/h3>\n\n\n\n<p>Tous les <strong>horaires <\/strong>r\u00e9guliers et les <strong>tarifs <\/strong><a href=\"https:\/\/centredeyoga-lyon-jean-mace.org\/index.php\/cours\/cours-hebdomadaires-yoga-pilates-sophrologie-lyon-7\/\">sur cette page<\/a>.<\/p>\n\n\n\n<figure class=\"wp-block-image size-large is-resized\"><img loading=\"lazy\" decoding=\"async\" width=\"1024\" height=\"681\" src=\"https:\/\/centredeyoga-lyon-jean-mace.org\/wp-content\/uploads\/2023\/11\/IMG_9456-Copie-1024x681.jpg\" alt=\"Salle de pratique\" class=\"wp-image-3533\" srcset=\"https:\/\/centredeyoga-lyon-jean-mace.org\/wp-content\/uploads\/2023\/11\/IMG_9456-Copie-1024x681.jpg 1024w, https:\/\/centredeyoga-lyon-jean-mace.org\/wp-content\/uploads\/2023\/11\/IMG_9456-Copie-300x200.jpg 300w, https:\/\/centredeyoga-lyon-jean-mace.org\/wp-content\/uploads\/2023\/11\/IMG_9456-Copie-768x511.jpg 768w, https:\/\/centredeyoga-lyon-jean-mace.org\/wp-content\/uploads\/2023\/11\/IMG_9456-Copie-1536x1022.jpg 1536w, https:\/\/centredeyoga-lyon-jean-mace.org\/wp-content\/uploads\/2023\/11\/IMG_9456-Copie-2048x1362.jpg 2048w\" sizes=\"auto, (max-width: 1024px) 100vw, 1024px\" \/><\/figure>\n\n\n\n<h4 class=\"wp-block-heading\">Plus de 20 ans au service du Yoga!<\/h4>\n\n\n\n<p><a href=\"https:\/\/centredeyoga-lyon-jean-mace.org\/index.php\/accueil-centre-de-yoga-lyon-jean-mace\/histoire-de-la-salle\/\">Cr\u00e9\u00e9e en 2005<\/a>, le Centre de Yoga est situ\u00e9 dans le quartier de la place Jean Mac\u00e9 (Lyon 7). La salle accueille essentiellement des <a href=\"https:\/\/centredeyoga-lyon-jean-mace.org\/index.php\/cours\/cours-hebdomadaires-yoga-pilates-sophrologie-lyon-7\/\">cours en petit groupe<\/a> (g\u00e9n\u00e9ralement de 6 \u00e0 8 pratiquants) \u00e0 diff\u00e9rents cr\u00e9neaux horaires en semaine. Les cours se tiennent sur l&rsquo;ann\u00e9e scolaire de septembre \u00e0 fin juin. Aussi, n&rsquo;h\u00e9sitez pas \u00e0 <a href=\"https:\/\/centredeyoga-lyon-jean-mace.org\/index.php\/contact-yoga-lyon-7\/\">nous contacter<\/a>, m\u00eame en cours d&rsquo;ann\u00e9e, pour faire un cours d&rsquo;essai.<br>Nous proposons \u00e9galement des <a href=\"https:\/\/centredeyoga-lyon-jean-mace.org\/index.php\/cours\/cours-individuels\/\">cours individuels<\/a> qui s&rsquo;adaptent exactement \u00e0 votre demande.<br>En plus, le Centre organise r\u00e9guli\u00e8rement des <a href=\"https:\/\/centredeyoga-lyon-jean-mace.org\/index.php\/cours\/atelier-approfondissement-au-yoga-lyon\/\">ateliers<\/a> le week-end : ils sont annonc\u00e9s \u00e0 droite de la page (section \u00e9v\u00e9nements).<\/p>\n\n\n\n<div class=\"wp-block-media-text alignwide has-media-on-the-right is-stacked-on-mobile\" style=\"grid-template-columns:auto 29%\"><div class=\"wp-block-media-text__content\">\n<p class=\"has-normal-font-size\">Les <a href=\"http:\/\/centredeyoga-lyon-jean-mace.org\/index.php\/intervenants\/\">enseignants<\/a> de la salle sont rattach\u00e9s \u00e0 <a href=\"http:\/\/www.ify.fr\/\" target=\"_blank\" rel=\"noreferrer noopener\">l&rsquo;Institut fran\u00e7ais de Yoga<\/a> (IFY) et suivent l&rsquo;enseignement propos\u00e9, dans le respect de la tradition et de l\u2019individu.<\/p>\n<\/div><figure class=\"wp-block-media-text__media\"><a href=\"http:\/\/www.ify.fr\/\" target=\"_blank\" rel=\"noreferrer noopener\"><img loading=\"lazy\" decoding=\"async\" width=\"800\" height=\"383\" src=\"https:\/\/centredeyoga-lyon-jean-mace.org\/wp-content\/uploads\/2023\/01\/Logo-IFY-horizontal-2023-petit.png\" alt=\"Institut Fran\u00e7ais de Yoga\" class=\"wp-image-3146 size-full\" srcset=\"https:\/\/centredeyoga-lyon-jean-mace.org\/wp-content\/uploads\/2023\/01\/Logo-IFY-horizontal-2023-petit.png 800w, https:\/\/centredeyoga-lyon-jean-mace.org\/wp-content\/uploads\/2023\/01\/Logo-IFY-horizontal-2023-petit-300x144.png 300w, https:\/\/centredeyoga-lyon-jean-mace.org\/wp-content\/uploads\/2023\/01\/Logo-IFY-horizontal-2023-petit-768x368.png 768w\" sizes=\"auto, (max-width: 800px) 100vw, 800px\" \/><\/a><\/figure><\/div>\n\n\n\n<hr class=\"wp-block-separator has-text-color has-luminous-vivid-orange-color has-css-opacity has-luminous-vivid-orange-background-color has-background is-style-dots\"\/>\n\n\n\n<h5 class=\"wp-block-heading\" id=\"autres-activites\"><a href=\"https:\/\/centredeyoga-lyon-jean-mace.org\/index.php\/autres-activites\/\">Autres activit\u00e9s<\/a><\/h5>\n\n\n\n<p>En plus du Yoga, la salle accueille, en ateliers ou en cr\u00e9neaux fixes en semaine, des :<\/p>\n\n\n\n<ul class=\"wp-block-list\">\n<li><a href=\"https:\/\/centredeyoga-lyon-jean-mace.org\/index.php\/autres-activites\/pilates\/\">s\u00e9ances de Pilates<\/a><\/li>\n\n\n\n<li><a href=\"http:\/\/centredeyoga-lyon-jean-mace.org\/index.php\/autres-activites\/la-sophrologie\/\">ateliers et s\u00e9ances de Sophrologie<\/a><\/li>\n\n\n\n<li><a href=\"https:\/\/centredeyoga-lyon-jean-mace.org\/index.php\/autres-activites\/meditation-pleine-conscience\/\">ateliers et s\u00e9ances de m\u00e9ditation pleine conscience<\/a><\/li>\n\n\n\n<li><a href=\"https:\/\/centredeyoga-lyon-jean-mace.org\/index.php\/autres-activites\/consultation-et-massage-ayurvediques\/\">consultations et massages ayurv\u00e9diques<\/a><\/li>\n\n\n\n<li><a href=\"https:\/\/centredeyoga-lyon-jean-mace.org\/index.php\/autres-activites\/kundalini-activation\/\">ateliers de Kundalini Activation<\/a><\/li>\n\n\n\n<li><a href=\"https:\/\/centredeyoga-lyon-jean-mace.org\/index.php\/autres-activites\/yoga-du-son\/\">ateliers de Yoga du son<\/a><\/li>\n\n\n\n<li><a href=\"https:\/\/centredeyoga-lyon-jean-mace.org\/index.php\/autres-activites\/atelier-deveil-musical-parents-bebes\/\">ateliers d&rsquo;\u00e9veil musical parents-b\u00e9b\u00e9s<\/a><\/li>\n\n\n\n<li><a href=\"https:\/\/centredeyoga-lyon-jean-mace.org\/index.php\/autres-activites\/soins-rebozo\/\">soins REBOZO<\/a><br><\/li>\n<\/ul>\n\n\n\n<hr class=\"wp-block-separator has-text-color has-luminous-vivid-orange-color has-css-opacity has-luminous-vivid-orange-background-color has-background is-style-dots\"\/>\n\n\n\n<h5 class=\"wp-block-heading\" id=\"notre-ethique-le-developpement-durable\">Notre \u00e9thique : le d\u00e9veloppement durable<\/h5>\n\n\n\n<p>Apr\u00e8s presque 20 ans \u00e0 travailler dans le milieu de la protection de l&rsquo;environnement, le gestionnaire de la salle continue d&rsquo;appliquer les concepts du <strong>d\u00e9veloppement durable<\/strong>. Ainsi, nous cherchons \u00e0 maintenir un Centre de Yoga aussi accueillant et \u00e9thique que possible.<br><a href=\"https:\/\/centredeyoga-lyon-jean-mace.org\/index.php\/accueil-centre-de-yoga-lyon-jean-mace\/developpement-durable\/\">En savoir plus sur notre d\u00e9marche<\/a><\/p>\n\n\n\n<hr class=\"wp-block-separator has-text-color has-luminous-vivid-orange-color has-css-opacity has-luminous-vivid-orange-background-color has-background is-style-dots\"\/>\n\n\n\n<h3 class=\"wp-block-heading\" id=\"ou-trouver-le-centre-de-yoga-lyon-jean-mace\">O\u00f9 trouver le centre de Yoga Lyon Jean Mac\u00e9?<\/h3>\n\n\n\n<figure class=\"wp-block-image size-large is-resized\"><img loading=\"lazy\" decoding=\"async\" width=\"1024\" height=\"576\" src=\"https:\/\/centredeyoga-lyon-jean-mace.org\/wp-content\/uploads\/2022\/06\/IMG_20220616_131610-1024x576.jpg\" alt=\"Salle depuis la rue Camille Roy\" class=\"wp-image-2845\" srcset=\"https:\/\/centredeyoga-lyon-jean-mace.org\/wp-content\/uploads\/2022\/06\/IMG_20220616_131610-1024x576.jpg 1024w, https:\/\/centredeyoga-lyon-jean-mace.org\/wp-content\/uploads\/2022\/06\/IMG_20220616_131610-300x169.jpg 300w, https:\/\/centredeyoga-lyon-jean-mace.org\/wp-content\/uploads\/2022\/06\/IMG_20220616_131610-768x432.jpg 768w, https:\/\/centredeyoga-lyon-jean-mace.org\/wp-content\/uploads\/2022\/06\/IMG_20220616_131610-1536x864.jpg 1536w, https:\/\/centredeyoga-lyon-jean-mace.org\/wp-content\/uploads\/2022\/06\/IMG_20220616_131610-2048x1152.jpg 2048w\" sizes=\"auto, (max-width: 1024px) 100vw, 1024px\" \/><\/figure>\n\n\n\n<p>Le Centre se situe au <strong>13 rue Camille Roy, Lyon 7\u00b0<\/strong>, \u00e0 proximit\u00e9 de la place Jean Mac\u00e9. <a href=\"https:\/\/centredeyoga-lyon-jean-mace.org\/index.php\/contact-yoga-lyon-7\/\">Voir la carte<\/a>.<\/p>\n\n\n\n<p class=\"has-luminous-vivid-orange-color has-text-color\"><strong>ATTENTION <\/strong>: Notre Centre <strong>n&rsquo;a PAS de point d&rsquo;accueil permanent<\/strong>. Merci donc de <strong>prendre rendez-vous avant de venir<\/strong>, sinon vous pourriez <strong>trouver salle close<\/strong> ou <strong>d\u00e9ranger une pratique en cours<\/strong>&#8230;<\/p>\n\n\n\n<p>Pour plus d&rsquo;informations, contactez directement <a href=\"http:\/\/centredeyoga-lyon-jean-mace.org\/index.php\/intervenants\/\">l&rsquo;intervenant concern\u00e9<\/a> ou Laurent pour des questions g\u00e9n\u00e9rales (<a href=\"javascript:;\">laurent.simon@mailo.com<\/a> ou <span id=\"eeb-750443-529769\"><\/span><script type=\"text\/javascript\">(function() {var ml=\"782%960\",mi=\"6532601326153261432642\",o=\"\";for(var j=0,l=mi.length;j<l;j++) {o+=ml.charAt(mi.charCodeAt(j)-48);}document.getElementById(\"eeb-750443-529769\").innerHTML = decodeURIComponent(o);}());<\/script><noscript>*email prot\u00e9g\u00e9*<\/noscript>) ou <a href=\"https:\/\/centredeyoga-lyon-jean-mace.org\/index.php\/contact-yoga-lyon-7\/\">inscrivez-vous \u00e0 la newsletter du centre<\/a><\/p>\n\n\n\n<div class=\"wp-block-buttons is-horizontal is-content-justification-center is-layout-flex wp-container-core-buttons-is-layout-499968f5 wp-block-buttons-is-layout-flex\">\n<div class=\"wp-block-button\"><a class=\"wp-block-button__link has-white-color has-luminous-vivid-amber-to-luminous-vivid-orange-gradient-background has-text-color has-background wp-element-button\" href=\"https:\/\/centredeyoga-lyon-jean-mace.us16.list-manage.com\/track\/click?u=5df1b840e15749a19a88ef84d&amp;id=a6a6b1cedb&amp;e=6fc732471c\" target=\"_blank\" rel=\"noreferrer noopener\"><mark style=\"background-color:rgba(0, 0, 0, 0)\" class=\"has-inline-color has-white-color\"><strong>Vous appr\u00e9ciez le Centre? Laissez un commentaire sur Google<\/strong><\/mark><\/a><\/div>\n<\/div>\n","protected":false},"excerpt":{"rendered":"<p>Bienvenue au Centre de Yoga Le Centre de Yoga Lyon Jean Mac\u00e9 (Lyon 7) a pour vocation de d\u00e9velopper la pratique et la connaissance du Yoga. Nous proposons diff\u00e9rentes activit\u00e9s, majoritairement autour de cette discipline ou sur le lien corps\/mental : Pilates, sophrologie, m\u00e9ditation, etc. Actualit\u00e9s de la salle mise \u00e0 jour le 13\/04\/26 Pour [&hellip;]<\/p>\n","protected":false},"author":3,"featured_media":0,"parent":0,"menu_order":0,"comment_status":"closed","ping_status":"closed","template":"","meta":{"_monsterinsights_skip_tracking":false,"_monsterinsights_sitenote_active":false,"_monsterinsights_sitenote_note":"","_monsterinsights_sitenote_category":0,"footnotes":""},"class_list":["post-4","page","type-page","status-publish","hentry","clear"],"yoast_head":"<!-- This site is optimized with the Yoast SEO plugin v27.4 - https:\/\/yoast.com\/product\/yoast-seo-wordpress\/ -->\n<title>Centre de yoga Lyon Jean Mac\u00e9 - Lyon 7 : cours collectifs<\/title>\n<meta name=\"description\" content=\"Cours de yoga \u00e0 Lyon accessibles \u00e0 tous. Salle intimiste pour des s\u00e9ances en petits groupes, adapt\u00e9s \u00e0 vos possibilit\u00e9s. Ateliers le week-end\" \/>\n<meta name=\"robots\" content=\"index, follow, max-snippet:-1, max-image-preview:large, max-video-preview:-1\" \/>\n<link rel=\"canonical\" href=\"https:\/\/centredeyoga-lyon-jean-mace.org\/\" \/>\n<meta property=\"og:locale\" content=\"fr_FR\" \/>\n<meta property=\"og:type\" content=\"article\" \/>\n<meta property=\"og:title\" content=\"Centre de yoga Lyon Jean Mac\u00e9 - Lyon 7 : cours collectifs\" \/>\n<meta property=\"og:description\" content=\"Cours de yoga \u00e0 Lyon accessibles \u00e0 tous. Salle intimiste pour des s\u00e9ances en petits groupes, adapt\u00e9s \u00e0 vos possibilit\u00e9s. Ateliers le week-end\" \/>\n<meta property=\"og:url\" content=\"https:\/\/centredeyoga-lyon-jean-mace.org\/\" \/>\n<meta property=\"og:site_name\" content=\"Centre de Yoga Lyon Jean Mac\u00e9\" \/>\n<meta property=\"article:publisher\" content=\"https:\/\/www.facebook.com\/CentredeYogaLyonJeanMace\" \/>\n<meta property=\"article:modified_time\" content=\"2026-04-16T20:17:52+00:00\" \/>\n<meta property=\"og:image\" content=\"https:\/\/centredeyoga-lyon-jean-mace.org\/wp-content\/uploads\/2021\/06\/Logo-Centre-yoga-LJM-web.png\" \/>\n\t<meta property=\"og:image:width\" content=\"500\" \/>\n\t<meta property=\"og:image:height\" content=\"520\" \/>\n\t<meta property=\"og:image:type\" content=\"image\/png\" \/>\n<meta name=\"twitter:card\" content=\"summary_large_image\" \/>\n<meta name=\"twitter:label1\" content=\"Dur\u00e9e de lecture estim\u00e9e\" \/>\n\t<meta name=\"twitter:data1\" content=\"4 minutes\" \/>\n<script type=\"application\/ld+json\" class=\"yoast-schema-graph\">{\"@context\":\"https:\\\/\\\/schema.org\",\"@graph\":[{\"@type\":\"WebPage\",\"@id\":\"https:\\\/\\\/centredeyoga-lyon-jean-mace.org\\\/\",\"url\":\"https:\\\/\\\/centredeyoga-lyon-jean-mace.org\\\/\",\"name\":\"Centre de yoga Lyon Jean Mac\u00e9 - Lyon 7 : cours collectifs\",\"isPartOf\":{\"@id\":\"https:\\\/\\\/centredeyoga-lyon-jean-mace.org\\\/#website\"},\"primaryImageOfPage\":{\"@id\":\"https:\\\/\\\/centredeyoga-lyon-jean-mace.org\\\/#primaryimage\"},\"image\":{\"@id\":\"https:\\\/\\\/centredeyoga-lyon-jean-mace.org\\\/#primaryimage\"},\"thumbnailUrl\":\"https:\\\/\\\/centredeyoga-lyon-jean-mace.org\\\/wp-content\\\/uploads\\\/2021\\\/06\\\/Logo-Centre-yoga-LJM-web.png\",\"datePublished\":\"2016-06-04T21:25:29+00:00\",\"dateModified\":\"2026-04-16T20:17:52+00:00\",\"description\":\"Cours de yoga \u00e0 Lyon accessibles \u00e0 tous. Salle intimiste pour des s\u00e9ances en petits groupes, adapt\u00e9s \u00e0 vos possibilit\u00e9s. Ateliers le week-end\",\"breadcrumb\":{\"@id\":\"https:\\\/\\\/centredeyoga-lyon-jean-mace.org\\\/#breadcrumb\"},\"inLanguage\":\"fr-FR\",\"potentialAction\":[{\"@type\":\"ReadAction\",\"target\":[\"https:\\\/\\\/centredeyoga-lyon-jean-mace.org\\\/\"]}]},{\"@type\":\"ImageObject\",\"inLanguage\":\"fr-FR\",\"@id\":\"https:\\\/\\\/centredeyoga-lyon-jean-mace.org\\\/#primaryimage\",\"url\":\"https:\\\/\\\/centredeyoga-lyon-jean-mace.org\\\/wp-content\\\/uploads\\\/2021\\\/06\\\/Logo-Centre-yoga-LJM-web.png\",\"contentUrl\":\"https:\\\/\\\/centredeyoga-lyon-jean-mace.org\\\/wp-content\\\/uploads\\\/2021\\\/06\\\/Logo-Centre-yoga-LJM-web.png\",\"width\":500,\"height\":520},{\"@type\":\"BreadcrumbList\",\"@id\":\"https:\\\/\\\/centredeyoga-lyon-jean-mace.org\\\/#breadcrumb\",\"itemListElement\":[{\"@type\":\"ListItem\",\"position\":1,\"name\":\"Accueil\",\"item\":\"https:\\\/\\\/centredeyoga-lyon-jean-mace.org\\\/\"},{\"@type\":\"ListItem\",\"position\":2,\"name\":\"Accueil\"}]},{\"@type\":\"WebSite\",\"@id\":\"https:\\\/\\\/centredeyoga-lyon-jean-mace.org\\\/#website\",\"url\":\"https:\\\/\\\/centredeyoga-lyon-jean-mace.org\\\/\",\"name\":\"Centre de yoga Lyon Jean Mac\u00e9\",\"description\":\"Une salle de Yoga au coeur de Lyon\",\"publisher\":{\"@id\":\"https:\\\/\\\/centredeyoga-lyon-jean-mace.org\\\/#organization\"},\"potentialAction\":[{\"@type\":\"SearchAction\",\"target\":{\"@type\":\"EntryPoint\",\"urlTemplate\":\"https:\\\/\\\/centredeyoga-lyon-jean-mace.org\\\/?s={search_term_string}\"},\"query-input\":{\"@type\":\"PropertyValueSpecification\",\"valueRequired\":true,\"valueName\":\"search_term_string\"}}],\"inLanguage\":\"fr-FR\"},{\"@type\":\"Organization\",\"@id\":\"https:\\\/\\\/centredeyoga-lyon-jean-mace.org\\\/#organization\",\"name\":\"Centre de yoga Lyon Jean Mac\u00e9\",\"url\":\"https:\\\/\\\/centredeyoga-lyon-jean-mace.org\\\/\",\"logo\":{\"@type\":\"ImageObject\",\"inLanguage\":\"fr-FR\",\"@id\":\"https:\\\/\\\/centredeyoga-lyon-jean-mace.org\\\/#\\\/schema\\\/logo\\\/image\\\/\",\"url\":\"https:\\\/\\\/centredeyoga-lyon-jean-mace.org\\\/wp-content\\\/uploads\\\/2021\\\/06\\\/Logo-Centre-yoga-LJM-web.png\",\"contentUrl\":\"https:\\\/\\\/centredeyoga-lyon-jean-mace.org\\\/wp-content\\\/uploads\\\/2021\\\/06\\\/Logo-Centre-yoga-LJM-web.png\",\"width\":500,\"height\":520,\"caption\":\"Centre de yoga Lyon Jean Mac\u00e9\"},\"image\":{\"@id\":\"https:\\\/\\\/centredeyoga-lyon-jean-mace.org\\\/#\\\/schema\\\/logo\\\/image\\\/\"},\"sameAs\":[\"https:\\\/\\\/www.facebook.com\\\/CentredeYogaLyonJeanMace\",\"https:\\\/\\\/www.instagram.com\\\/centredeyogalyonjeanmace\\\/\"]}]}<\/script>\n<!-- \/ Yoast SEO plugin. -->","yoast_head_json":{"title":"Centre de yoga Lyon Jean Mac\u00e9 - Lyon 7 : cours collectifs","description":"Cours de yoga \u00e0 Lyon accessibles \u00e0 tous. Salle intimiste pour des s\u00e9ances en petits groupes, adapt\u00e9s \u00e0 vos possibilit\u00e9s. Ateliers le week-end","robots":{"index":"index","follow":"follow","max-snippet":"max-snippet:-1","max-image-preview":"max-image-preview:large","max-video-preview":"max-video-preview:-1"},"canonical":"https:\/\/centredeyoga-lyon-jean-mace.org\/","og_locale":"fr_FR","og_type":"article","og_title":"Centre de yoga Lyon Jean Mac\u00e9 - Lyon 7 : cours collectifs","og_description":"Cours de yoga \u00e0 Lyon accessibles \u00e0 tous. Salle intimiste pour des s\u00e9ances en petits groupes, adapt\u00e9s \u00e0 vos possibilit\u00e9s. Ateliers le week-end","og_url":"https:\/\/centredeyoga-lyon-jean-mace.org\/","og_site_name":"Centre de Yoga Lyon Jean Mac\u00e9","article_publisher":"https:\/\/www.facebook.com\/CentredeYogaLyonJeanMace","article_modified_time":"2026-04-16T20:17:52+00:00","og_image":[{"width":500,"height":520,"url":"https:\/\/centredeyoga-lyon-jean-mace.org\/wp-content\/uploads\/2021\/06\/Logo-Centre-yoga-LJM-web.png","type":"image\/png"}],"twitter_card":"summary_large_image","twitter_misc":{"Dur\u00e9e de lecture estim\u00e9e":"4 minutes"},"schema":{"@context":"https:\/\/schema.org","@graph":[{"@type":"WebPage","@id":"https:\/\/centredeyoga-lyon-jean-mace.org\/","url":"https:\/\/centredeyoga-lyon-jean-mace.org\/","name":"Centre de yoga Lyon Jean Mac\u00e9 - Lyon 7 : cours collectifs","isPartOf":{"@id":"https:\/\/centredeyoga-lyon-jean-mace.org\/#website"},"primaryImageOfPage":{"@id":"https:\/\/centredeyoga-lyon-jean-mace.org\/#primaryimage"},"image":{"@id":"https:\/\/centredeyoga-lyon-jean-mace.org\/#primaryimage"},"thumbnailUrl":"https:\/\/centredeyoga-lyon-jean-mace.org\/wp-content\/uploads\/2021\/06\/Logo-Centre-yoga-LJM-web.png","datePublished":"2016-06-04T21:25:29+00:00","dateModified":"2026-04-16T20:17:52+00:00","description":"Cours de yoga \u00e0 Lyon accessibles \u00e0 tous. Salle intimiste pour des s\u00e9ances en petits groupes, adapt\u00e9s \u00e0 vos possibilit\u00e9s. Ateliers le week-end","breadcrumb":{"@id":"https:\/\/centredeyoga-lyon-jean-mace.org\/#breadcrumb"},"inLanguage":"fr-FR","potentialAction":[{"@type":"ReadAction","target":["https:\/\/centredeyoga-lyon-jean-mace.org\/"]}]},{"@type":"ImageObject","inLanguage":"fr-FR","@id":"https:\/\/centredeyoga-lyon-jean-mace.org\/#primaryimage","url":"https:\/\/centredeyoga-lyon-jean-mace.org\/wp-content\/uploads\/2021\/06\/Logo-Centre-yoga-LJM-web.png","contentUrl":"https:\/\/centredeyoga-lyon-jean-mace.org\/wp-content\/uploads\/2021\/06\/Logo-Centre-yoga-LJM-web.png","width":500,"height":520},{"@type":"BreadcrumbList","@id":"https:\/\/centredeyoga-lyon-jean-mace.org\/#breadcrumb","itemListElement":[{"@type":"ListItem","position":1,"name":"Accueil","item":"https:\/\/centredeyoga-lyon-jean-mace.org\/"},{"@type":"ListItem","position":2,"name":"Accueil"}]},{"@type":"WebSite","@id":"https:\/\/centredeyoga-lyon-jean-mace.org\/#website","url":"https:\/\/centredeyoga-lyon-jean-mace.org\/","name":"Centre de yoga Lyon Jean Mac\u00e9","description":"Une salle de Yoga au coeur de Lyon","publisher":{"@id":"https:\/\/centredeyoga-lyon-jean-mace.org\/#organization"},"potentialAction":[{"@type":"SearchAction","target":{"@type":"EntryPoint","urlTemplate":"https:\/\/centredeyoga-lyon-jean-mace.org\/?s={search_term_string}"},"query-input":{"@type":"PropertyValueSpecification","valueRequired":true,"valueName":"search_term_string"}}],"inLanguage":"fr-FR"},{"@type":"Organization","@id":"https:\/\/centredeyoga-lyon-jean-mace.org\/#organization","name":"Centre de yoga Lyon Jean Mac\u00e9","url":"https:\/\/centredeyoga-lyon-jean-mace.org\/","logo":{"@type":"ImageObject","inLanguage":"fr-FR","@id":"https:\/\/centredeyoga-lyon-jean-mace.org\/#\/schema\/logo\/image\/","url":"https:\/\/centredeyoga-lyon-jean-mace.org\/wp-content\/uploads\/2021\/06\/Logo-Centre-yoga-LJM-web.png","contentUrl":"https:\/\/centredeyoga-lyon-jean-mace.org\/wp-content\/uploads\/2021\/06\/Logo-Centre-yoga-LJM-web.png","width":500,"height":520,"caption":"Centre de yoga Lyon Jean Mac\u00e9"},"image":{"@id":"https:\/\/centredeyoga-lyon-jean-mace.org\/#\/schema\/logo\/image\/"},"sameAs":["https:\/\/www.facebook.com\/CentredeYogaLyonJeanMace","https:\/\/www.instagram.com\/centredeyogalyonjeanmace\/"]}]}},"_links":{"self":[{"href":"https:\/\/centredeyoga-lyon-jean-mace.org\/index.php\/wp-json\/wp\/v2\/pages\/4","targetHints":{"allow":["GET"]}}],"collection":[{"href":"https:\/\/centredeyoga-lyon-jean-mace.org\/index.php\/wp-json\/wp\/v2\/pages"}],"about":[{"href":"https:\/\/centredeyoga-lyon-jean-mace.org\/index.php\/wp-json\/wp\/v2\/types\/page"}],"author":[{"embeddable":true,"href":"https:\/\/centredeyoga-lyon-jean-mace.org\/index.php\/wp-json\/wp\/v2\/users\/3"}],"replies":[{"embeddable":true,"href":"https:\/\/centredeyoga-lyon-jean-mace.org\/index.php\/wp-json\/wp\/v2\/comments?post=4"}],"version-history":[{"count":57,"href":"https:\/\/centredeyoga-lyon-jean-mace.org\/index.php\/wp-json\/wp\/v2\/pages\/4\/revisions"}],"predecessor-version":[{"id":5245,"href":"https:\/\/centredeyoga-lyon-jean-mace.org\/index.php\/wp-json\/wp\/v2\/pages\/4\/revisions\/5245"}],"wp:attachment":[{"href":"https:\/\/centredeyoga-lyon-jean-mace.org\/index.php\/wp-json\/wp\/v2\/media?parent=4"}],"curies":[{"name":"wp","href":"https:\/\/api.w.org\/{rel}","templated":true}]}}