{"id":5172,"date":"2026-01-28T14:14:22","date_gmt":"2026-01-28T12:14:22","guid":{"rendered":"https:\/\/centredeyoga-lyon-jean-mace.org\/?page_id=5172"},"modified":"2026-04-16T17:46:18","modified_gmt":"2026-04-16T15:46:18","slug":"yoga-doux-tres-adapte-sur-chaise","status":"publish","type":"page","link":"https:\/\/centredeyoga-lyon-jean-mace.org\/index.php\/le-yoga-pratique-et-effets\/yoga-doux-tres-adapte-sur-chaise\/","title":{"rendered":"Yoga doux\/tr\u00e8s adapt\u00e9"},"content":{"rendered":"\n<p>Le Centre propose <strong>une s\u00e9ance hebdomadaire de <\/strong>\u00ab\u00a0<strong>yoga doux<\/strong>\u00ab\u00a0, particuli\u00e8rement adapt\u00e9 par exemple \u00e0 des personnes en convalescence, en maladie, des seniors, en surpoids, etc.&nbsp;<\/p>\n\n\n\n<div class=\"wp-block-columns is-layout-flex wp-container-core-columns-is-layout-9d6595d7 wp-block-columns-is-layout-flex\">\n<div class=\"wp-block-column is-vertically-aligned-top is-layout-flow wp-block-column-is-layout-flow\">\n<p>C&rsquo;est un cr\u00e9neau d&rsquo;1h, le <strong>vendredi de 15h30 \u00e0 16h30<\/strong>. Les postures propos\u00e9es sont plus douces que dans les s\u00e9ances habituelles et nous prenons le temps de regarder ensemble les adaptations n\u00e9cessaires pour pratiquer.<br>Il est par exemple possible de <a href=\"https:\/\/centredeyoga-lyon-jean-mace.org\/index.php\/le-yoga-pratique-et-effets\/yoga-adapte-chaise-prevention-sante\/yoga-sur-chaise-et-yoga-seniors\/\" type=\"page\" id=\"5100\">pratiquer sur chaise<\/a> uniquement, soit pour des raisons d&rsquo;\u00e9quilibre, soit pour \u00e9viter de s&rsquo;allonger au sol et de se relever.<\/p>\n\n\n\n<h3 class=\"wp-block-heading\">Avantages<\/h3>\n\n\n\n<p>Il permet de <strong>conserver une activit\u00e9 physique favorable \u00e0 votre sant\u00e9<\/strong>, notamment :<br>&#8211; maintenir la tonicit\u00e9 et la souplesse du corps<br>&#8211; travailler l&rsquo;\u00e9quilibre<br>&#8211; apaiser le stress<br>&#8211; activer la m\u00e9moire et la concentration<br>&#8211; etc.<\/p>\n<\/div>\n\n\n\n<div class=\"wp-block-column is-vertically-aligned-center is-layout-flow wp-block-column-is-layout-flow\">\n<figure class=\"wp-block-image size-full\"><a href=\"https:\/\/centredeyoga-lyon-jean-mace.org\/index.php\/le-yoga-pratique-et-effets\/yoga-adapte-chaise-prevention-sante\/yoga-sur-chaise-et-yoga-seniors\/\"><img decoding=\"async\" src=\"https:\/\/centredeyoga-lyon-jean-mace.org\/wp-content\/uploads\/2026\/01\/DSC08556-Coupe.jpg\" alt=\"Yoga adapt\u00e9 sur chaise\" class=\"wp-image-5174\"\/><\/a><\/figure>\n<\/div>\n<\/div>\n\n\n\n<h3 class=\"wp-block-heading\">Organisation<\/h3>\n\n\n\n<p>L&rsquo;inscription se fait par <strong>cycle de 5-6 semaines environ<\/strong>, entre deux vacances scolaires. Cela permet de constituer un petit groupe fixe de maximum 8 personnes. Nous allons pouvoir travailler des postures qui vous sont directement accessibles. Nous regarderons ensemble les adaptations n\u00e9cessaires selon les postures. Il sera \u00e9ventuellement n\u00e9cessaire de se voir une premi\u00e8re fois en s\u00e9ance individuelle (\u00e0 discuter lors de l&rsquo;inscription).<\/p>\n\n\n\n<p>Le tarif est de 12\u20ac\/s\u00e9ance <strong>\u00e0 payer par forfait en d\u00e9but de cycle<\/strong> (donc 72\u20ac s&rsquo;il y a 6 semaines). Il n&rsquo;y a pas d&rsquo;engagement au-del\u00e0. Nous v\u00e9rifions \u00e0 chaque vacances s&rsquo;il y a assez de participants pour le cycle suivant pour le reconduire.<\/p>\n\n\n\n<blockquote class=\"wp-block-quote is-layout-flow wp-block-quote-is-layout-flow\">\n<p>A noter : il reste de la place pour le <strong>prochain cycle, du 17 avril au 26 juin compris<\/strong> : 6 s\u00e9ances r\u00e9parties de mi-avril \u00e0 fin juin.<br>Pour r\u00e9server votre place ou vous renseigner, contactez <a href=\"https:\/\/centredeyoga-lyon-jean-mace.org\/index.php\/intervenants\/laurent-simon\/\">Laurent<\/a> : <a href=\"javascript:;\">laurent.simon@mailo.com<\/a> ou <span id=\"eeb-613219-456745\"><\/span><script type=\"text\/javascript\">(function() {var ml=\"9%68207\",mi=\"5214563145321453014504\",o=\"\";for(var j=0,l=mi.length;j<l;j++) {o+=ml.charAt(mi.charCodeAt(j)-48);}document.getElementById(\"eeb-613219-456745\").innerHTML = decodeURIComponent(o);}());<\/script><noscript>*email prot\u00e9g\u00e9*<\/noscript><\/p>\n<\/blockquote>\n\n\n\n<p>Si vous \u00eates autonome pour vous allonger au sol et vous relever, et en capacit\u00e9 de suivre le rythme habituel de mouvements, nous vous invitons \u00e0 rejoindre plut\u00f4t une <a href=\"https:\/\/centredeyoga-lyon-jean-mace.org\/index.php\/le-yoga-pratique-et-effets\/yoga-adapte-chaise-prevention-sante\/\">s\u00e9ance habituelle<\/a>. Nous trouverons ensemble les adaptations n\u00e9cessaires.<\/p>\n\n\n\n<p><\/p>\n","protected":false},"excerpt":{"rendered":"<p>Le Centre propose une s\u00e9ance hebdomadaire de \u00ab\u00a0yoga doux\u00ab\u00a0, particuli\u00e8rement adapt\u00e9 par exemple \u00e0 des personnes en convalescence, en maladie, des seniors, en surpoids, etc.&nbsp; C&rsquo;est un cr\u00e9neau d&rsquo;1h, le vendredi de 15h30 \u00e0 16h30. Les postures propos\u00e9es sont plus douces que dans les s\u00e9ances habituelles et nous prenons le temps de regarder ensemble les [&hellip;]<\/p>\n","protected":false},"author":3,"featured_media":0,"parent":40,"menu_order":0,"comment_status":"closed","ping_status":"closed","template":"","meta":{"_monsterinsights_skip_tracking":false,"_monsterinsights_sitenote_active":false,"_monsterinsights_sitenote_note":"","_monsterinsights_sitenote_category":0,"footnotes":""},"class_list":["post-5172","page","type-page","status-publish","hentry","clear"],"yoast_head":"<!-- This site is optimized with the Yoast SEO plugin v27.5 - https:\/\/yoast.com\/product\/yoast-seo-wordpress\/ -->\n<title>Yoga doux\/tr\u00e8s adapt\u00e9 - Centre de Yoga Lyon Jean Mac\u00e9<\/title>\n<meta name=\"description\" content=\"Cycles de 6 semaines de &quot;yoga doux&quot;, particuli\u00e8rement adapt\u00e9 \u00e0 des personnes en convalescence, en maladie, des seniors, en surpoids, etc.\u00a0\" \/>\n<meta name=\"robots\" content=\"index, follow, max-snippet:-1, max-image-preview:large, max-video-preview:-1\" \/>\n<link rel=\"canonical\" href=\"https:\/\/centredeyoga-lyon-jean-mace.org\/index.php\/le-yoga-pratique-et-effets\/yoga-doux-tres-adapte-sur-chaise\/\" \/>\n<meta property=\"og:locale\" content=\"fr_FR\" \/>\n<meta property=\"og:type\" content=\"article\" \/>\n<meta property=\"og:title\" content=\"Yoga doux\/tr\u00e8s adapt\u00e9 - Centre de Yoga Lyon Jean Mac\u00e9\" \/>\n<meta property=\"og:description\" content=\"Cycles de 6 semaines de &quot;yoga doux&quot;, particuli\u00e8rement adapt\u00e9 \u00e0 des personnes en convalescence, en maladie, des seniors, en surpoids, etc.\u00a0\" \/>\n<meta property=\"og:url\" content=\"https:\/\/centredeyoga-lyon-jean-mace.org\/index.php\/le-yoga-pratique-et-effets\/yoga-doux-tres-adapte-sur-chaise\/\" \/>\n<meta property=\"og:site_name\" content=\"Centre de Yoga Lyon Jean Mac\u00e9\" \/>\n<meta property=\"article:publisher\" content=\"https:\/\/www.facebook.com\/CentredeYogaLyonJeanMace\" \/>\n<meta property=\"article:modified_time\" content=\"2026-04-16T15:46:18+00:00\" \/>\n<meta property=\"og:image\" content=\"https:\/\/centredeyoga-lyon-jean-mace.org\/wp-content\/uploads\/2026\/01\/DSC08556-Coupe.jpg\" \/>\n\t<meta property=\"og:image:width\" content=\"1\" \/>\n\t<meta property=\"og:image:height\" content=\"1\" \/>\n\t<meta property=\"og:image:type\" content=\"image\/jpeg\" \/>\n<meta name=\"twitter:card\" content=\"summary_large_image\" \/>\n<meta name=\"twitter:label1\" content=\"Dur\u00e9e de lecture estim\u00e9e\" \/>\n\t<meta name=\"twitter:data1\" content=\"2 minutes\" \/>\n<script type=\"application\/ld+json\" class=\"yoast-schema-graph\">{\"@context\":\"https:\\\/\\\/schema.org\",\"@graph\":[{\"@type\":\"WebPage\",\"@id\":\"https:\\\/\\\/centredeyoga-lyon-jean-mace.org\\\/index.php\\\/le-yoga-pratique-et-effets\\\/yoga-doux-tres-adapte-sur-chaise\\\/\",\"url\":\"https:\\\/\\\/centredeyoga-lyon-jean-mace.org\\\/index.php\\\/le-yoga-pratique-et-effets\\\/yoga-doux-tres-adapte-sur-chaise\\\/\",\"name\":\"Yoga doux\\\/tr\u00e8s adapt\u00e9 - Centre de Yoga Lyon Jean Mac\u00e9\",\"isPartOf\":{\"@id\":\"https:\\\/\\\/centredeyoga-lyon-jean-mace.org\\\/#website\"},\"primaryImageOfPage\":{\"@id\":\"https:\\\/\\\/centredeyoga-lyon-jean-mace.org\\\/index.php\\\/le-yoga-pratique-et-effets\\\/yoga-doux-tres-adapte-sur-chaise\\\/#primaryimage\"},\"image\":{\"@id\":\"https:\\\/\\\/centredeyoga-lyon-jean-mace.org\\\/index.php\\\/le-yoga-pratique-et-effets\\\/yoga-doux-tres-adapte-sur-chaise\\\/#primaryimage\"},\"thumbnailUrl\":\"https:\\\/\\\/centredeyoga-lyon-jean-mace.org\\\/wp-content\\\/uploads\\\/2026\\\/01\\\/DSC08556-Coupe.jpg\",\"datePublished\":\"2026-01-28T12:14:22+00:00\",\"dateModified\":\"2026-04-16T15:46:18+00:00\",\"description\":\"Cycles de 6 semaines de \\\"yoga doux\\\", particuli\u00e8rement adapt\u00e9 \u00e0 des personnes en convalescence, en maladie, des seniors, en surpoids, etc.\u00a0\",\"breadcrumb\":{\"@id\":\"https:\\\/\\\/centredeyoga-lyon-jean-mace.org\\\/index.php\\\/le-yoga-pratique-et-effets\\\/yoga-doux-tres-adapte-sur-chaise\\\/#breadcrumb\"},\"inLanguage\":\"fr-FR\",\"potentialAction\":[{\"@type\":\"ReadAction\",\"target\":[\"https:\\\/\\\/centredeyoga-lyon-jean-mace.org\\\/index.php\\\/le-yoga-pratique-et-effets\\\/yoga-doux-tres-adapte-sur-chaise\\\/\"]}]},{\"@type\":\"ImageObject\",\"inLanguage\":\"fr-FR\",\"@id\":\"https:\\\/\\\/centredeyoga-lyon-jean-mace.org\\\/index.php\\\/le-yoga-pratique-et-effets\\\/yoga-doux-tres-adapte-sur-chaise\\\/#primaryimage\",\"url\":\"https:\\\/\\\/centredeyoga-lyon-jean-mace.org\\\/wp-content\\\/uploads\\\/2026\\\/01\\\/DSC08556-Coupe.jpg\",\"contentUrl\":\"https:\\\/\\\/centredeyoga-lyon-jean-mace.org\\\/wp-content\\\/uploads\\\/2026\\\/01\\\/DSC08556-Coupe.jpg\",\"caption\":\"Yoga adapt\u00e9 sur chaise\"},{\"@type\":\"BreadcrumbList\",\"@id\":\"https:\\\/\\\/centredeyoga-lyon-jean-mace.org\\\/index.php\\\/le-yoga-pratique-et-effets\\\/yoga-doux-tres-adapte-sur-chaise\\\/#breadcrumb\",\"itemListElement\":[{\"@type\":\"ListItem\",\"position\":1,\"name\":\"Accueil\",\"item\":\"https:\\\/\\\/centredeyoga-lyon-jean-mace.org\\\/\"},{\"@type\":\"ListItem\",\"position\":2,\"name\":\"La pratique du Yoga et ses effets\",\"item\":\"https:\\\/\\\/centredeyoga-lyon-jean-mace.org\\\/index.php\\\/le-yoga-pratique-et-effets\\\/\"},{\"@type\":\"ListItem\",\"position\":3,\"name\":\"Yoga doux\\\/tr\u00e8s adapt\u00e9\"}]},{\"@type\":\"WebSite\",\"@id\":\"https:\\\/\\\/centredeyoga-lyon-jean-mace.org\\\/#website\",\"url\":\"https:\\\/\\\/centredeyoga-lyon-jean-mace.org\\\/\",\"name\":\"Centre de yoga Lyon Jean Mac\u00e9\",\"description\":\"Une salle de Yoga au coeur de Lyon\",\"publisher\":{\"@id\":\"https:\\\/\\\/centredeyoga-lyon-jean-mace.org\\\/#organization\"},\"potentialAction\":[{\"@type\":\"SearchAction\",\"target\":{\"@type\":\"EntryPoint\",\"urlTemplate\":\"https:\\\/\\\/centredeyoga-lyon-jean-mace.org\\\/?s={search_term_string}\"},\"query-input\":{\"@type\":\"PropertyValueSpecification\",\"valueRequired\":true,\"valueName\":\"search_term_string\"}}],\"inLanguage\":\"fr-FR\"},{\"@type\":\"Organization\",\"@id\":\"https:\\\/\\\/centredeyoga-lyon-jean-mace.org\\\/#organization\",\"name\":\"Centre de yoga Lyon Jean Mac\u00e9\",\"url\":\"https:\\\/\\\/centredeyoga-lyon-jean-mace.org\\\/\",\"logo\":{\"@type\":\"ImageObject\",\"inLanguage\":\"fr-FR\",\"@id\":\"https:\\\/\\\/centredeyoga-lyon-jean-mace.org\\\/#\\\/schema\\\/logo\\\/image\\\/\",\"url\":\"https:\\\/\\\/centredeyoga-lyon-jean-mace.org\\\/wp-content\\\/uploads\\\/2021\\\/06\\\/Logo-Centre-yoga-LJM-web.png\",\"contentUrl\":\"https:\\\/\\\/centredeyoga-lyon-jean-mace.org\\\/wp-content\\\/uploads\\\/2021\\\/06\\\/Logo-Centre-yoga-LJM-web.png\",\"width\":500,\"height\":520,\"caption\":\"Centre de yoga Lyon Jean Mac\u00e9\"},\"image\":{\"@id\":\"https:\\\/\\\/centredeyoga-lyon-jean-mace.org\\\/#\\\/schema\\\/logo\\\/image\\\/\"},\"sameAs\":[\"https:\\\/\\\/www.facebook.com\\\/CentredeYogaLyonJeanMace\",\"https:\\\/\\\/www.instagram.com\\\/centredeyogalyonjeanmace\\\/\"]}]}<\/script>\n<!-- \/ Yoast SEO plugin. -->","yoast_head_json":{"title":"Yoga doux\/tr\u00e8s adapt\u00e9 - Centre de Yoga Lyon Jean Mac\u00e9","description":"Cycles de 6 semaines de \"yoga doux\", particuli\u00e8rement adapt\u00e9 \u00e0 des personnes en convalescence, en maladie, des seniors, en surpoids, etc.\u00a0","robots":{"index":"index","follow":"follow","max-snippet":"max-snippet:-1","max-image-preview":"max-image-preview:large","max-video-preview":"max-video-preview:-1"},"canonical":"https:\/\/centredeyoga-lyon-jean-mace.org\/index.php\/le-yoga-pratique-et-effets\/yoga-doux-tres-adapte-sur-chaise\/","og_locale":"fr_FR","og_type":"article","og_title":"Yoga doux\/tr\u00e8s adapt\u00e9 - Centre de Yoga Lyon Jean Mac\u00e9","og_description":"Cycles de 6 semaines de \"yoga doux\", particuli\u00e8rement adapt\u00e9 \u00e0 des personnes en convalescence, en maladie, des seniors, en surpoids, etc.\u00a0","og_url":"https:\/\/centredeyoga-lyon-jean-mace.org\/index.php\/le-yoga-pratique-et-effets\/yoga-doux-tres-adapte-sur-chaise\/","og_site_name":"Centre de Yoga Lyon Jean Mac\u00e9","article_publisher":"https:\/\/www.facebook.com\/CentredeYogaLyonJeanMace","article_modified_time":"2026-04-16T15:46:18+00:00","og_image":[{"url":"https:\/\/centredeyoga-lyon-jean-mace.org\/wp-content\/uploads\/2026\/01\/DSC08556-Coupe.jpg","width":1,"height":1,"type":"image\/jpeg"}],"twitter_card":"summary_large_image","twitter_misc":{"Dur\u00e9e de lecture estim\u00e9e":"2 minutes"},"schema":{"@context":"https:\/\/schema.org","@graph":[{"@type":"WebPage","@id":"https:\/\/centredeyoga-lyon-jean-mace.org\/index.php\/le-yoga-pratique-et-effets\/yoga-doux-tres-adapte-sur-chaise\/","url":"https:\/\/centredeyoga-lyon-jean-mace.org\/index.php\/le-yoga-pratique-et-effets\/yoga-doux-tres-adapte-sur-chaise\/","name":"Yoga doux\/tr\u00e8s adapt\u00e9 - Centre de Yoga Lyon Jean Mac\u00e9","isPartOf":{"@id":"https:\/\/centredeyoga-lyon-jean-mace.org\/#website"},"primaryImageOfPage":{"@id":"https:\/\/centredeyoga-lyon-jean-mace.org\/index.php\/le-yoga-pratique-et-effets\/yoga-doux-tres-adapte-sur-chaise\/#primaryimage"},"image":{"@id":"https:\/\/centredeyoga-lyon-jean-mace.org\/index.php\/le-yoga-pratique-et-effets\/yoga-doux-tres-adapte-sur-chaise\/#primaryimage"},"thumbnailUrl":"https:\/\/centredeyoga-lyon-jean-mace.org\/wp-content\/uploads\/2026\/01\/DSC08556-Coupe.jpg","datePublished":"2026-01-28T12:14:22+00:00","dateModified":"2026-04-16T15:46:18+00:00","description":"Cycles de 6 semaines de \"yoga doux\", particuli\u00e8rement adapt\u00e9 \u00e0 des personnes en convalescence, en maladie, des seniors, en surpoids, etc.\u00a0","breadcrumb":{"@id":"https:\/\/centredeyoga-lyon-jean-mace.org\/index.php\/le-yoga-pratique-et-effets\/yoga-doux-tres-adapte-sur-chaise\/#breadcrumb"},"inLanguage":"fr-FR","potentialAction":[{"@type":"ReadAction","target":["https:\/\/centredeyoga-lyon-jean-mace.org\/index.php\/le-yoga-pratique-et-effets\/yoga-doux-tres-adapte-sur-chaise\/"]}]},{"@type":"ImageObject","inLanguage":"fr-FR","@id":"https:\/\/centredeyoga-lyon-jean-mace.org\/index.php\/le-yoga-pratique-et-effets\/yoga-doux-tres-adapte-sur-chaise\/#primaryimage","url":"https:\/\/centredeyoga-lyon-jean-mace.org\/wp-content\/uploads\/2026\/01\/DSC08556-Coupe.jpg","contentUrl":"https:\/\/centredeyoga-lyon-jean-mace.org\/wp-content\/uploads\/2026\/01\/DSC08556-Coupe.jpg","caption":"Yoga adapt\u00e9 sur chaise"},{"@type":"BreadcrumbList","@id":"https:\/\/centredeyoga-lyon-jean-mace.org\/index.php\/le-yoga-pratique-et-effets\/yoga-doux-tres-adapte-sur-chaise\/#breadcrumb","itemListElement":[{"@type":"ListItem","position":1,"name":"Accueil","item":"https:\/\/centredeyoga-lyon-jean-mace.org\/"},{"@type":"ListItem","position":2,"name":"La pratique du Yoga et ses effets","item":"https:\/\/centredeyoga-lyon-jean-mace.org\/index.php\/le-yoga-pratique-et-effets\/"},{"@type":"ListItem","position":3,"name":"Yoga doux\/tr\u00e8s adapt\u00e9"}]},{"@type":"WebSite","@id":"https:\/\/centredeyoga-lyon-jean-mace.org\/#website","url":"https:\/\/centredeyoga-lyon-jean-mace.org\/","name":"Centre de yoga Lyon Jean Mac\u00e9","description":"Une salle de Yoga au coeur de Lyon","publisher":{"@id":"https:\/\/centredeyoga-lyon-jean-mace.org\/#organization"},"potentialAction":[{"@type":"SearchAction","target":{"@type":"EntryPoint","urlTemplate":"https:\/\/centredeyoga-lyon-jean-mace.org\/?s={search_term_string}"},"query-input":{"@type":"PropertyValueSpecification","valueRequired":true,"valueName":"search_term_string"}}],"inLanguage":"fr-FR"},{"@type":"Organization","@id":"https:\/\/centredeyoga-lyon-jean-mace.org\/#organization","name":"Centre de yoga Lyon Jean Mac\u00e9","url":"https:\/\/centredeyoga-lyon-jean-mace.org\/","logo":{"@type":"ImageObject","inLanguage":"fr-FR","@id":"https:\/\/centredeyoga-lyon-jean-mace.org\/#\/schema\/logo\/image\/","url":"https:\/\/centredeyoga-lyon-jean-mace.org\/wp-content\/uploads\/2021\/06\/Logo-Centre-yoga-LJM-web.png","contentUrl":"https:\/\/centredeyoga-lyon-jean-mace.org\/wp-content\/uploads\/2021\/06\/Logo-Centre-yoga-LJM-web.png","width":500,"height":520,"caption":"Centre de yoga Lyon Jean Mac\u00e9"},"image":{"@id":"https:\/\/centredeyoga-lyon-jean-mace.org\/#\/schema\/logo\/image\/"},"sameAs":["https:\/\/www.facebook.com\/CentredeYogaLyonJeanMace","https:\/\/www.instagram.com\/centredeyogalyonjeanmace\/"]}]}},"_links":{"self":[{"href":"https:\/\/centredeyoga-lyon-jean-mace.org\/index.php\/wp-json\/wp\/v2\/pages\/5172","targetHints":{"allow":["GET"]}}],"collection":[{"href":"https:\/\/centredeyoga-lyon-jean-mace.org\/index.php\/wp-json\/wp\/v2\/pages"}],"about":[{"href":"https:\/\/centredeyoga-lyon-jean-mace.org\/index.php\/wp-json\/wp\/v2\/types\/page"}],"author":[{"embeddable":true,"href":"https:\/\/centredeyoga-lyon-jean-mace.org\/index.php\/wp-json\/wp\/v2\/users\/3"}],"replies":[{"embeddable":true,"href":"https:\/\/centredeyoga-lyon-jean-mace.org\/index.php\/wp-json\/wp\/v2\/comments?post=5172"}],"version-history":[{"count":11,"href":"https:\/\/centredeyoga-lyon-jean-mace.org\/index.php\/wp-json\/wp\/v2\/pages\/5172\/revisions"}],"predecessor-version":[{"id":5239,"href":"https:\/\/centredeyoga-lyon-jean-mace.org\/index.php\/wp-json\/wp\/v2\/pages\/5172\/revisions\/5239"}],"up":[{"embeddable":true,"href":"https:\/\/centredeyoga-lyon-jean-mace.org\/index.php\/wp-json\/wp\/v2\/pages\/40"}],"wp:attachment":[{"href":"https:\/\/centredeyoga-lyon-jean-mace.org\/index.php\/wp-json\/wp\/v2\/media?parent=5172"}],"curies":[{"name":"wp","href":"https:\/\/api.w.org\/{rel}","templated":true}]}}